{"id":350703,"date":"2021-10-26T21:55:18","date_gmt":"2021-10-26T21:55:18","guid":{"rendered":"https:\/\/femmefondacija.com\/news-articles\/"},"modified":"2025-03-03T19:04:21","modified_gmt":"2025-03-03T19:04:21","slug":"news-articles","status":"publish","type":"page","link":"https:\/\/femmefondacija.com\/en\/news-articles\/","title":{"rendered":"News articles"},"content":{"rendered":"<p>[et_pb_section fb_built=&#8221;1&#8243; custom_padding_last_edited=&#8221;on|phone&#8221; admin_label=&#8221;Header&#8221; _builder_version=&#8221;4.16&#8243; background_enable_color=&#8221;off&#8221; background_enable_image=&#8221;off&#8221; background_blend=&#8221;overlay&#8221; overflow-x=&#8221;hidden&#8221; overflow-y=&#8221;hidden&#8221; custom_padding=&#8221;||0px||false|false&#8221; custom_padding_tablet=&#8221;&#8221; custom_padding_phone=&#8221;&#8221; locked=&#8221;off&#8221; global_colors_info=&#8221;{}&#8221;][et_pb_row _builder_version=&#8221;4.16&#8243; custom_padding=&#8221;||||false|false&#8221; global_colors_info=&#8221;{}&#8221;][et_pb_column type=&#8221;4_4&#8243; _builder_version=&#8221;4.16&#8243; custom_padding=&#8221;||30px||false|false&#8221; global_colors_info=&#8221;{}&#8221;][et_pb_text _builder_version=&#8221;4.16&#8243; _module_preset=&#8221;ac702301-43fe-459f-968f-96cfa028e56e&#8221; locked=&#8221;off&#8221; global_colors_info=&#8221;{}&#8221;]<\/p>\n<h1>News articles<\/h1>\n<p>[\/et_pb_text][\/et_pb_column][\/et_pb_row][\/et_pb_section][et_pb_section fb_built=&#8221;1&#8243; custom_padding_last_edited=&#8221;on|desktop&#8221; admin_label=&#8221;Header&#8221; _builder_version=&#8221;4.16&#8243; background_enable_color=&#8221;off&#8221; background_enable_image=&#8221;off&#8221; background_blend=&#8221;overlay&#8221; overflow-x=&#8221;hidden&#8221; overflow-y=&#8221;hidden&#8221; custom_padding=&#8221;0px||169px||false|false&#8221; custom_padding_tablet=&#8221;0px||170px||false|false&#8221; custom_padding_phone=&#8221;0px||170px||false|false&#8221; locked=&#8221;off&#8221; global_colors_info=&#8221;{}&#8221;][et_pb_row column_structure=&#8221;1_2,1_2&#8243; make_equal=&#8221;on&#8221; custom_padding_last_edited=&#8221;on|tablet&#8221; module_class=&#8221;dtb-equal-height&#8221; _builder_version=&#8221;4.16&#8243; _module_preset=&#8221;default&#8221; background_color=&#8221;#fffbf5&#8243; width=&#8221;85%&#8221; custom_padding=&#8221;40px|40px|40px|40px|true|true&#8221; custom_padding_tablet=&#8221;&#8221; custom_padding_phone=&#8221;40px|20px|40px|20px|true|true&#8221; box_shadow_style=&#8221;preset1&#8243; box_shadow_vertical=&#8221;45px&#8221; box_shadow_blur=&#8221;80px&#8221; box_shadow_spread=&#8221;-40px&#8221; global_colors_info=&#8221;{}&#8221;][et_pb_column type=&#8221;1_2&#8243; _builder_version=&#8221;4.16&#8243; _module_preset=&#8221;default&#8221; global_colors_info=&#8221;{}&#8221;][dsm_card title=&#8221;Prvi projekat Fondacije Kreativne \u017eene Crne Gore: Art radionice za cetinjske mali\u0161ane&#8221; subtitle=&#8221;Portal Analitika&#8221; image=&#8221;https:\/\/femmefondacija.com\/wp-content\/uploads\/2021\/10\/Novinski-clanci-1.jpeg&#8221; content_padding=&#8221;20px|20px|20px|20px|true|true&#8221; button_url_new_window=&#8221;1&#8243; _builder_version=&#8221;4.16&#8243; _module_preset=&#8221;default&#8221; header_text_align=&#8221;left&#8221; header_line_height=&#8221;1.3em&#8221; body_text_align=&#8221;left&#8221; body_font_size=&#8221;16px&#8221; subhead_font=&#8221;|600|||||||&#8221; subhead_text_align=&#8221;left&#8221; subhead_text_color=&#8221;#AC204D&#8221; subhead_font_size=&#8221;17px&#8221; custom_button=&#8221;on&#8221; button_text_size=&#8221;15px&#8221; button_text_color=&#8221;#AC204D&#8221; button_border_radius=&#8221;0px&#8221; button_letter_spacing=&#8221;2px&#8221; button_font=&#8221;|700||on|||||&#8221; button_use_icon=&#8221;off&#8221; button_alignment=&#8221;center&#8221; button_custom_padding=&#8221;14px|24px|14px|24px|true|true&#8221; header_line_height_tablet=&#8221;&#8221; header_line_height_phone=&#8221;&#8221; header_line_height_last_edited=&#8221;on|phone&#8221; body_font_size_tablet=&#8221;&#8221; body_font_size_phone=&#8221;15px&#8221; body_font_size_last_edited=&#8221;on|phone&#8221; subhead_font_size_tablet=&#8221;&#8221; subhead_font_size_phone=&#8221;16px&#8221; subhead_font_size_last_edited=&#8221;on|phone&#8221; button_text_color_tablet=&#8221;&#8221; button_text_color_phone=&#8221;&#8221; button_text_color_last_edited=&#8221;on|phone&#8221; button_bg_color_tablet=&#8221;&#8221; button_bg_color_phone=&#8221;&#8221; button_bg_color_last_edited=&#8221;on|desktop&#8221; button_bg_enable_color_phone=&#8221;off&#8221; border_width_bottom_image=&#8221;3px&#8221; border_color_bottom_image=&#8221;#AC204D&#8221; box_shadow_style=&#8221;preset1&#8243; box_shadow_vertical=&#8221;40px&#8221; box_shadow_blur=&#8221;80px&#8221; box_shadow_spread=&#8221;-50px&#8221; global_colors_info=&#8221;{}&#8221; button_text_color__hover_enabled=&#8221;on|desktop&#8221; button_bg_color__hover_enabled=&#8221;on|hover&#8221; button_bg_color__hover=&#8221;#AC204D&#8221; button_bg_enable_color__hover=&#8221;on&#8221; button_text_color__hover=&#8221;#FFFFFF&#8221;]<\/p>\n<p><span>U organizaciji novoosnovane Fondacije Kreativne \u017eene Crne Gore u prijestonici je organizovan niz Art radionica za cetinjske mali\u0161ane. <a href=\"https:\/\/www.portalanalitika.me\/clanak\/prvi-projekat-fondacije-kreativne-zene-crne-gore-art-radionice-za-cetinjske-malisane\" target=\"_blank\" rel=\"noopener\">Op\u0161irnije&#8230;<\/a><\/span><\/p>\n<p>[\/dsm_card][\/et_pb_column][et_pb_column type=&#8221;1_2&#8243; _builder_version=&#8221;4.16&#8243; _module_preset=&#8221;default&#8221; custom_padding_tablet=&#8221;&#8221; custom_padding_phone=&#8221;30px||||false|false&#8221; custom_padding_last_edited=&#8221;on|phone&#8221; global_colors_info=&#8221;{}&#8221;][dsm_card title=&#8221;Snaga \u017eenske inicijative, energije i duha&#8221; subtitle=&#8221;Gracija&#8221; image=&#8221;https:\/\/femmefondacija.com\/wp-content\/uploads\/2021\/10\/4S3A4336-scaled.jpg&#8221; content_padding=&#8221;20px|20px|20px|20px|true|true&#8221; button_url_new_window=&#8221;1&#8243; _builder_version=&#8221;4.16&#8243; _module_preset=&#8221;default&#8221; header_text_align=&#8221;left&#8221; header_line_height=&#8221;1.3em&#8221; body_text_align=&#8221;left&#8221; body_font_size=&#8221;16px&#8221; subhead_font=&#8221;|600|||||||&#8221; subhead_text_align=&#8221;left&#8221; subhead_text_color=&#8221;#AC204D&#8221; subhead_font_size=&#8221;17px&#8221; custom_button=&#8221;on&#8221; button_text_size=&#8221;15px&#8221; button_text_color=&#8221;#AC204D&#8221; button_border_radius=&#8221;0px&#8221; button_letter_spacing=&#8221;2px&#8221; button_font=&#8221;|700||on|||||&#8221; button_use_icon=&#8221;off&#8221; button_alignment=&#8221;center&#8221; button_custom_padding=&#8221;14px|24px|14px|24px|true|true&#8221; header_line_height_tablet=&#8221;&#8221; header_line_height_phone=&#8221;&#8221; header_line_height_last_edited=&#8221;on|phone&#8221; body_font_size_tablet=&#8221;&#8221; body_font_size_phone=&#8221;15px&#8221; body_font_size_last_edited=&#8221;on|phone&#8221; subhead_font_size_tablet=&#8221;&#8221; subhead_font_size_phone=&#8221;16px&#8221; subhead_font_size_last_edited=&#8221;on|phone&#8221; button_text_color_tablet=&#8221;&#8221; button_text_color_phone=&#8221;&#8221; button_text_color_last_edited=&#8221;on|phone&#8221; button_bg_color_tablet=&#8221;&#8221; button_bg_color_phone=&#8221;&#8221; button_bg_color_last_edited=&#8221;on|desktop&#8221; button_bg_enable_color_phone=&#8221;off&#8221; border_width_bottom_image=&#8221;3px&#8221; border_color_bottom_image=&#8221;#AC204D&#8221; box_shadow_style=&#8221;preset1&#8243; box_shadow_vertical=&#8221;40px&#8221; box_shadow_blur=&#8221;80px&#8221; box_shadow_spread=&#8221;-50px&#8221; global_colors_info=&#8221;{}&#8221; button_text_color__hover_enabled=&#8221;on|desktop&#8221; button_bg_color__hover_enabled=&#8221;on|hover&#8221; button_bg_color__hover=&#8221;#AC204D&#8221; button_bg_enable_color__hover=&#8221;on&#8221; button_text_color__hover=&#8221;#FFFFFF&#8221;]<\/p>\n<p><span>Fondacija Kreativne \u017eene Crne Gore udru\u017eena je u misiji da kroz sadr\u017eajne programe i projekte uka\u017ee na va\u017enost obrazovanja, kulture, nauke i preduzetni\u0161tva. <a href=\"https:\/\/gracija.me\/snaga-zenske-inicijative-energije-i-duha\/\" target=\"_blank\" rel=\"noopener\">Op\u0161irnije&#8230;<\/a><\/span><\/p>\n<p>[\/dsm_card][\/et_pb_column][\/et_pb_row][et_pb_row column_structure=&#8221;1_2,1_2&#8243; make_equal=&#8221;on&#8221; custom_padding_last_edited=&#8221;on|phone&#8221; _builder_version=&#8221;4.27.4&#8243; _module_preset=&#8221;default&#8221; custom_padding=&#8221;100px|40px|100px|40px|false|true&#8221; custom_padding_tablet=&#8221;100px|40px||40px|false|true&#8221; custom_padding_phone=&#8221;80px|20px||20px|false|true&#8221; global_colors_info=&#8221;{}&#8221;][et_pb_column type=&#8221;1_2&#8243; _builder_version=&#8221;4.16&#8243; _module_preset=&#8221;default&#8221; global_colors_info=&#8221;{}&#8221;][dsm_card title=&#8221;Revitalizacija ba\u0161tine: %22Evropska muzika crnogorske kulturne diplomatije%22 premijerno na Cetinju&#8221; subtitle=&#8221;Portal Analitika&#8221; image=&#8221;https:\/\/femmefondacija.com\/wp-content\/uploads\/2023\/09\/sreina-1024&#215;604-1.jpg&#8221; content_padding=&#8221;20px|20px|20px|20px|true|true&#8221; button_url_new_window=&#8221;1&#8243; _builder_version=&#8221;4.19.5&#8243; _module_preset=&#8221;default&#8221; header_text_align=&#8221;left&#8221; header_line_height=&#8221;1.3em&#8221; body_text_align=&#8221;left&#8221; body_font_size=&#8221;16px&#8221; subhead_font=&#8221;|600|||||||&#8221; subhead_text_align=&#8221;left&#8221; subhead_text_color=&#8221;#AC204D&#8221; subhead_font_size=&#8221;17px&#8221; custom_button=&#8221;on&#8221; button_text_size=&#8221;15px&#8221; button_text_color=&#8221;#AC204D&#8221; button_border_radius=&#8221;0px&#8221; button_letter_spacing=&#8221;2px&#8221; button_font=&#8221;|700||on|||||&#8221; button_use_icon=&#8221;off&#8221; button_alignment=&#8221;center&#8221; button_custom_padding=&#8221;14px|24px|14px|24px|true|true&#8221; header_line_height_tablet=&#8221;&#8221; header_line_height_phone=&#8221;&#8221; header_line_height_last_edited=&#8221;on|phone&#8221; body_font_size_tablet=&#8221;&#8221; body_font_size_phone=&#8221;15px&#8221; body_font_size_last_edited=&#8221;on|phone&#8221; subhead_font_size_tablet=&#8221;&#8221; subhead_font_size_phone=&#8221;16px&#8221; subhead_font_size_last_edited=&#8221;on|phone&#8221; button_text_color_tablet=&#8221;&#8221; button_text_color_phone=&#8221;&#8221; button_text_color_last_edited=&#8221;on|phone&#8221; button_bg_color_tablet=&#8221;&#8221; button_bg_color_phone=&#8221;&#8221; button_bg_color_last_edited=&#8221;on|desktop&#8221; button_bg_enable_color_phone=&#8221;off&#8221; border_width_bottom_image=&#8221;3px&#8221; border_color_bottom_image=&#8221;#AC204D&#8221; box_shadow_style=&#8221;preset1&#8243; box_shadow_vertical=&#8221;40px&#8221; box_shadow_blur=&#8221;80px&#8221; box_shadow_spread=&#8221;-50px&#8221; global_colors_info=&#8221;{}&#8221; button_text_color__hover_enabled=&#8221;on|desktop&#8221; button_bg_color__hover_enabled=&#8221;on|hover&#8221; button_bg_color__hover=&#8221;#AC204D&#8221; button_bg_enable_color__hover=&#8221;on&#8221; button_text_color__hover=&#8221;#FFFFFF&#8221;]<\/p>\n<p><span>Orkestarsko izvo\u0111enje prati\u0107e i video kola\u017e sa\u010dinjen od malo poznatih kratkih videozapisa i fotografija sa diplomatskih sve\u010danosti na dvoru u periodu Kraljevine Crne Gore. <a href=\"https:\/\/www.portalanalitika.me\/clanak\/video-revitalizacija-bastine-evropska-muzika-crnogorske-kulturne-diplomatije-premijerno-na-cetinju\" target=\"_blank\" rel=\"noopener\">Op\u0161irnije&#8230;<\/a><\/span><\/p>\n<p>[\/dsm_card][\/et_pb_column][et_pb_column type=&#8221;1_2&#8243; _builder_version=&#8221;4.16&#8243; _module_preset=&#8221;default&#8221; global_colors_info=&#8221;{}&#8221;][dsm_card title=&#8221;Premijerno izveden koncert %22Evropske muzike crnogorske kulturne diplomatije%22 na Cetinju&#8221; subtitle=&#8221;Vijesti&#8221; image=&#8221;https:\/\/femmefondacija.com\/wp-content\/uploads\/2023\/10\/5520353_gardasevic-photography-img-0070-copy_ls.jpg&#8221; content_padding=&#8221;20px|20px|20px|20px|true|true&#8221; button_url_new_window=&#8221;1&#8243; _builder_version=&#8221;4.22.2&#8243; _module_preset=&#8221;default&#8221; header_text_align=&#8221;left&#8221; header_line_height=&#8221;1.3em&#8221; body_text_align=&#8221;left&#8221; body_font_size=&#8221;16px&#8221; subhead_font=&#8221;|600|||||||&#8221; subhead_text_align=&#8221;left&#8221; subhead_text_color=&#8221;#AC204D&#8221; subhead_font_size=&#8221;17px&#8221; custom_button=&#8221;on&#8221; button_text_size=&#8221;15px&#8221; button_text_color=&#8221;#AC204D&#8221; button_border_radius=&#8221;0px&#8221; button_letter_spacing=&#8221;2px&#8221; button_font=&#8221;|700||on|||||&#8221; button_use_icon=&#8221;off&#8221; button_alignment=&#8221;center&#8221; button_custom_padding=&#8221;14px|24px|14px|24px|true|true&#8221; header_line_height_tablet=&#8221;&#8221; header_line_height_phone=&#8221;&#8221; header_line_height_last_edited=&#8221;on|phone&#8221; body_font_size_tablet=&#8221;&#8221; body_font_size_phone=&#8221;15px&#8221; body_font_size_last_edited=&#8221;on|phone&#8221; subhead_font_size_tablet=&#8221;&#8221; subhead_font_size_phone=&#8221;16px&#8221; subhead_font_size_last_edited=&#8221;on|phone&#8221; button_text_color_tablet=&#8221;&#8221; button_text_color_phone=&#8221;&#8221; button_text_color_last_edited=&#8221;on|phone&#8221; button_bg_color_tablet=&#8221;&#8221; button_bg_color_phone=&#8221;&#8221; button_bg_color_last_edited=&#8221;on|desktop&#8221; button_bg_enable_color_phone=&#8221;off&#8221; border_width_bottom_image=&#8221;3px&#8221; border_color_bottom_image=&#8221;#AC204D&#8221; box_shadow_style=&#8221;preset1&#8243; box_shadow_vertical=&#8221;40px&#8221; box_shadow_blur=&#8221;80px&#8221; box_shadow_spread=&#8221;-50px&#8221; global_colors_info=&#8221;{}&#8221; button_text_color__hover_enabled=&#8221;on|desktop&#8221; button_bg_color__hover_enabled=&#8221;on|hover&#8221; button_bg_color__hover=&#8221;#AC204D&#8221; button_bg_enable_color__hover=&#8221;on&#8221; button_text_color__hover=&#8221;#FFFFFF&#8221;]<\/p>\n<p><span>Muzi\u010dki spisi iz fundusa Narodnog muzeja izvedeni su u formi muzi\u010dko-scenskog djela u Vladinom domu na Cetinju, saop\u0161tili su iz Fondacije Kreativne \u017eene Crne Gore. <a href=\"https:\/\/www.vijesti.me\/kultura\/675929\/premijerno-izveden-koncert-evropske-muzike-crnogorske-kulturne-diplomatije-na-cetinju?utm_campaign=vijesti_share_counter&amp;utm_medium=app_android&amp;utm_source=vijesti_android&amp;fbclid=IwAR3Z6iRtUA7-GaY-QAzm3QhJ0e0pL--H-iwktrMcG2ox6TGOPycmydHSgH4\" target=\"_blank\" rel=\"noopener\">Op\u0161irnije&#8230;<\/a><\/span><\/p>\n<p>[\/dsm_card][\/et_pb_column][\/et_pb_row][et_pb_row column_structure=&#8221;1_2,1_2&#8243; make_equal=&#8221;on&#8221; custom_padding_last_edited=&#8221;on|tablet&#8221; module_class=&#8221;dtb-equal-height&#8221; _builder_version=&#8221;4.16&#8243; _module_preset=&#8221;default&#8221; background_color=&#8221;#fffbf5&#8243; width=&#8221;85%&#8221; custom_padding=&#8221;40px|40px|40px|40px|true|true&#8221; custom_padding_tablet=&#8221;&#8221; custom_padding_phone=&#8221;40px|20px|40px|20px|true|true&#8221; box_shadow_style=&#8221;preset1&#8243; box_shadow_vertical=&#8221;45px&#8221; box_shadow_blur=&#8221;80px&#8221; box_shadow_spread=&#8221;-40px&#8221; global_colors_info=&#8221;{}&#8221;][et_pb_column type=&#8221;1_2&#8243; _builder_version=&#8221;4.16&#8243; _module_preset=&#8221;default&#8221; global_colors_info=&#8221;{}&#8221;][dsm_card title=&#8221;Uz %22Danilov valcer%22 na Cetinju za\u017eivjela muzika crnogorske kulturne diplomatije&#8221; subtitle=&#8221;Portal Analitika&#8221; image=&#8221;https:\/\/femmefondacija.com\/wp-content\/uploads\/2023\/10\/1695984475tpn3heoqr3dxyg3h-i_1118x745.jpg&#8221; content_padding=&#8221;20px|20px|20px|20px|true|true&#8221; button_url_new_window=&#8221;1&#8243; _builder_version=&#8221;4.22.2&#8243; _module_preset=&#8221;default&#8221; header_text_align=&#8221;left&#8221; header_line_height=&#8221;1.3em&#8221; body_text_align=&#8221;left&#8221; body_font_size=&#8221;16px&#8221; subhead_font=&#8221;|600|||||||&#8221; subhead_text_align=&#8221;left&#8221; subhead_text_color=&#8221;#AC204D&#8221; subhead_font_size=&#8221;17px&#8221; custom_button=&#8221;on&#8221; button_text_size=&#8221;15px&#8221; button_text_color=&#8221;#AC204D&#8221; button_border_radius=&#8221;0px&#8221; button_letter_spacing=&#8221;2px&#8221; button_font=&#8221;|700||on|||||&#8221; button_use_icon=&#8221;off&#8221; button_alignment=&#8221;center&#8221; button_custom_padding=&#8221;14px|24px|14px|24px|true|true&#8221; header_line_height_tablet=&#8221;&#8221; header_line_height_phone=&#8221;&#8221; header_line_height_last_edited=&#8221;on|phone&#8221; body_font_size_tablet=&#8221;&#8221; body_font_size_phone=&#8221;15px&#8221; body_font_size_last_edited=&#8221;on|phone&#8221; subhead_font_size_tablet=&#8221;&#8221; subhead_font_size_phone=&#8221;16px&#8221; subhead_font_size_last_edited=&#8221;on|phone&#8221; button_text_color_tablet=&#8221;&#8221; button_text_color_phone=&#8221;&#8221; button_text_color_last_edited=&#8221;on|phone&#8221; button_bg_color_tablet=&#8221;&#8221; button_bg_color_phone=&#8221;&#8221; button_bg_color_last_edited=&#8221;on|desktop&#8221; button_bg_enable_color_phone=&#8221;off&#8221; border_width_bottom_image=&#8221;3px&#8221; border_color_bottom_image=&#8221;#AC204D&#8221; box_shadow_style=&#8221;preset1&#8243; box_shadow_vertical=&#8221;40px&#8221; box_shadow_blur=&#8221;80px&#8221; box_shadow_spread=&#8221;-50px&#8221; global_colors_info=&#8221;{}&#8221; button_text_color__hover_enabled=&#8221;on|desktop&#8221; button_bg_color__hover_enabled=&#8221;on|hover&#8221; button_bg_color__hover=&#8221;#AC204D&#8221; button_bg_enable_color__hover=&#8221;on&#8221; button_text_color__hover=&#8221;#FFFFFF&#8221;]<\/p>\n<p><span>Ovo je \u017eivi primjer kako umjetnost mo\u017ee da njeguje prijateljstva me\u0111u narodima, poru\u010dila zamjenica \u0161efa sektora za saradnju u Delegaciji EU u Crnoj Gore <a href=\"https:\/\/www.portalanalitika.me\/clanak\/uz-danilov-valcer-na-cetinju-zazivjela-muzika-crnogorske-kulturne-diplomatije-isakson-svjedocanstvo-trajne-moci-kulture?fbclid=IwAR0-ymRo71K-YGopDd2S-D_RuqA6ADwMiwTyTUa4TG0ZeV8qZYE11le0rik\" target=\"_blank\" rel=\"noopener\">Op\u0161irnije&#8230;<\/a><\/span><\/p>\n<p>[\/dsm_card][\/et_pb_column][et_pb_column type=&#8221;1_2&#8243; _builder_version=&#8221;4.16&#8243; _module_preset=&#8221;default&#8221; custom_padding_tablet=&#8221;&#8221; custom_padding_phone=&#8221;30px||||false|false&#8221; custom_padding_last_edited=&#8221;on|phone&#8221; global_colors_info=&#8221;{}&#8221;][dsm_card title=&#8221;Zvuci Evrope na Cetinju: O\u017eivjele muzikalije kulturne diplomatije&#8221; subtitle=&#8221;CDM&#8221; image=&#8221;https:\/\/femmefondacija.com\/wp-content\/uploads\/2023\/10\/Evropska-muzika-14.jpg&#8221; content_padding=&#8221;20px|20px|20px|20px|true|true&#8221; button_url_new_window=&#8221;1&#8243; _builder_version=&#8221;4.27.4&#8243; _module_preset=&#8221;default&#8221; header_text_align=&#8221;left&#8221; header_line_height=&#8221;1.3em&#8221; body_text_align=&#8221;left&#8221; body_font_size=&#8221;16px&#8221; subhead_font=&#8221;|600|||||||&#8221; subhead_text_align=&#8221;left&#8221; subhead_text_color=&#8221;#AC204D&#8221; subhead_font_size=&#8221;17px&#8221; custom_button=&#8221;on&#8221; button_text_size=&#8221;15px&#8221; button_text_color=&#8221;#AC204D&#8221; button_border_radius=&#8221;0px&#8221; button_letter_spacing=&#8221;2px&#8221; button_font=&#8221;|700||on|||||&#8221; button_use_icon=&#8221;off&#8221; button_alignment=&#8221;center&#8221; button_custom_padding=&#8221;14px|24px|14px|24px|true|true&#8221; header_line_height_tablet=&#8221;&#8221; header_line_height_phone=&#8221;&#8221; header_line_height_last_edited=&#8221;on|phone&#8221; body_font_size_tablet=&#8221;&#8221; body_font_size_phone=&#8221;15px&#8221; body_font_size_last_edited=&#8221;on|phone&#8221; subhead_font_size_tablet=&#8221;&#8221; subhead_font_size_phone=&#8221;16px&#8221; subhead_font_size_last_edited=&#8221;on|phone&#8221; button_text_color_tablet=&#8221;&#8221; button_text_color_phone=&#8221;&#8221; button_text_color_last_edited=&#8221;on|phone&#8221; button_bg_color_tablet=&#8221;&#8221; button_bg_color_phone=&#8221;&#8221; button_bg_color_last_edited=&#8221;on|desktop&#8221; button_bg_enable_color_phone=&#8221;off&#8221; border_width_bottom_image=&#8221;3px&#8221; border_color_bottom_image=&#8221;#AC204D&#8221; box_shadow_style=&#8221;preset1&#8243; box_shadow_vertical=&#8221;40px&#8221; box_shadow_blur=&#8221;80px&#8221; box_shadow_spread=&#8221;-50px&#8221; global_colors_info=&#8221;{}&#8221; button_text_color__hover_enabled=&#8221;on|desktop&#8221; button_bg_color__hover_enabled=&#8221;on|hover&#8221; button_bg_color__hover=&#8221;#AC204D&#8221; button_bg_enable_color__hover=&#8221;on&#8221; button_text_color__hover=&#8221;#FFFFFF&#8221;]<\/p>\n<p><span>U Vladinom domu na Cetinju sino\u0107 su prvi put izvedene muzikalije iz fundusa Narodnog muzeja koje su napisali evropski kompozitori inspirisani Crnom Gorom u 19. century.<br \/><a href=\"https:\/\/www.cdm.me\/kultura\/zvuci-evrope-na-cetinju-ozivjele-muzikalije-kulturne-diplomatije\/\" target=\"_blank\" rel=\"noopener\">Op\u0161irnije&#8230;<\/a><\/span><\/p>\n<p>[\/dsm_card][\/et_pb_column][\/et_pb_row][et_pb_row column_structure=&#8221;1_2,1_2&#8243; make_equal=&#8221;on&#8221; custom_padding_last_edited=&#8221;on|phone&#8221; _builder_version=&#8221;4.27.4&#8243; _module_preset=&#8221;default&#8221; custom_padding=&#8221;100px|40px|100px|40px|false|true&#8221; custom_padding_tablet=&#8221;100px|40px||40px|false|true&#8221; custom_padding_phone=&#8221;80px|20px||20px|false|true&#8221; global_colors_info=&#8221;{}&#8221;][et_pb_column type=&#8221;1_2&#8243; _builder_version=&#8221;4.16&#8243; _module_preset=&#8221;default&#8221; global_colors_info=&#8221;{}&#8221;][dsm_card title=&#8221;Femme fondacija najavila po\u010detak realizacije projekta %22Otklju\u010dajmo%22 sistem za u\u010de\u0161\u0107e mladih&#8221; subtitle=&#8221;Vijesti.me&#8221; image=&#8221;https:\/\/femmefondacija.com\/wp-content\/uploads\/2024\/08\/FEMME-logo.png&#8221; image_background_size=&#8221;contain&#8221; content_padding=&#8221;20px|20px|20px|20px|true|true&#8221; button_url_new_window=&#8221;1&#8243; _builder_version=&#8221;4.27.4&#8243; _module_preset=&#8221;default&#8221; header_text_align=&#8221;left&#8221; header_line_height=&#8221;1.3em&#8221; body_text_align=&#8221;left&#8221; body_font_size=&#8221;16px&#8221; subhead_font=&#8221;|600|||||||&#8221; subhead_text_align=&#8221;left&#8221; subhead_text_color=&#8221;#AC204D&#8221; subhead_font_size=&#8221;17px&#8221; custom_button=&#8221;on&#8221; button_text_size=&#8221;15px&#8221; button_text_color=&#8221;#AC204D&#8221; button_border_radius=&#8221;0px&#8221; button_letter_spacing=&#8221;2px&#8221; button_font=&#8221;|700||on|||||&#8221; button_use_icon=&#8221;off&#8221; button_alignment=&#8221;center&#8221; button_custom_padding=&#8221;14px|24px|14px|24px|true|true&#8221; header_line_height_tablet=&#8221;&#8221; header_line_height_phone=&#8221;&#8221; header_line_height_last_edited=&#8221;on|phone&#8221; body_font_size_tablet=&#8221;&#8221; body_font_size_phone=&#8221;15px&#8221; body_font_size_last_edited=&#8221;on|phone&#8221; subhead_font_size_tablet=&#8221;&#8221; subhead_font_size_phone=&#8221;16px&#8221; subhead_font_size_last_edited=&#8221;on|phone&#8221; button_text_color_tablet=&#8221;&#8221; button_text_color_phone=&#8221;&#8221; button_text_color_last_edited=&#8221;on|phone&#8221; button_bg_color_tablet=&#8221;&#8221; button_bg_color_phone=&#8221;&#8221; button_bg_color_last_edited=&#8221;on|desktop&#8221; button_bg_enable_color_phone=&#8221;off&#8221; border_width_bottom_image=&#8221;3px&#8221; border_color_bottom_image=&#8221;#AC204D&#8221; box_shadow_style=&#8221;preset1&#8243; box_shadow_vertical=&#8221;40px&#8221; box_shadow_blur=&#8221;80px&#8221; box_shadow_spread=&#8221;-50px&#8221; global_colors_info=&#8221;{}&#8221; button_text_color__hover_enabled=&#8221;on|desktop&#8221; button_bg_color__hover_enabled=&#8221;on|hover&#8221; button_bg_color__hover=&#8221;#AC204D&#8221; button_bg_enable_color__hover=&#8221;on&#8221; button_text_color__hover=&#8221;#FFFFFF&#8221;]<\/p>\n<p><span>Kako su kazali iz Femme fondacije, ovaj projekat predstavlja zna\u010dajan iskorak ka stvaranju zajednice u kojoj mladi igraju klju\u010dnu ulogu u oblikovanju svoje budu\u0107nosti.<br \/><\/span><span> <a href=\"https:\/\/www.vijesti.me\/vijesti\/drustvo\/743148\/femme-fondacija-najavilapocetak-realizacije-projekta-otkljucajmo-sistem-za-ucesce-mladih\" target=\"_blank\" rel=\"noopener\">Op\u0161irnije&#8230;<\/a><\/span><\/p>\n<p>[\/dsm_card][\/et_pb_column][et_pb_column type=&#8221;1_2&#8243; _builder_version=&#8221;4.16&#8243; _module_preset=&#8221;default&#8221; global_colors_info=&#8221;{}&#8221;][dsm_card title=&#8221;Femme fondacija spaja u\u010denje i zabavu: Mladi na Cetinju kroz escape room do aktivnog u\u010de\u0161\u0107a u dono\u0161enju odluka&#8221; subtitle=&#8221;Adria.tv&#8221; image=&#8221;https:\/\/femmefondacija.com\/wp-content\/uploads\/2025\/02\/novostiDD.webp&#8221; content_padding=&#8221;20px|20px|20px|20px|true|true&#8221; button_url_new_window=&#8221;1&#8243; _builder_version=&#8221;4.27.4&#8243; _module_preset=&#8221;default&#8221; header_text_align=&#8221;left&#8221; header_line_height=&#8221;1.3em&#8221; body_text_align=&#8221;left&#8221; body_font_size=&#8221;16px&#8221; subhead_font=&#8221;|600|||||||&#8221; subhead_text_align=&#8221;left&#8221; subhead_text_color=&#8221;#AC204D&#8221; subhead_font_size=&#8221;17px&#8221; custom_button=&#8221;on&#8221; button_text_size=&#8221;15px&#8221; button_text_color=&#8221;#AC204D&#8221; button_border_radius=&#8221;0px&#8221; button_letter_spacing=&#8221;2px&#8221; button_font=&#8221;|700||on|||||&#8221; button_use_icon=&#8221;off&#8221; button_alignment=&#8221;center&#8221; button_custom_padding=&#8221;14px|24px|14px|24px|true|true&#8221; header_line_height_tablet=&#8221;&#8221; header_line_height_phone=&#8221;&#8221; header_line_height_last_edited=&#8221;on|phone&#8221; body_font_size_tablet=&#8221;&#8221; body_font_size_phone=&#8221;15px&#8221; body_font_size_last_edited=&#8221;on|phone&#8221; subhead_font_size_tablet=&#8221;&#8221; subhead_font_size_phone=&#8221;16px&#8221; subhead_font_size_last_edited=&#8221;on|phone&#8221; button_text_color_tablet=&#8221;&#8221; button_text_color_phone=&#8221;&#8221; button_text_color_last_edited=&#8221;on|phone&#8221; button_bg_color_tablet=&#8221;&#8221; button_bg_color_phone=&#8221;&#8221; button_bg_color_last_edited=&#8221;on|desktop&#8221; button_bg_enable_color_phone=&#8221;off&#8221; border_width_bottom_image=&#8221;3px&#8221; border_color_bottom_image=&#8221;#AC204D&#8221; box_shadow_style=&#8221;preset1&#8243; box_shadow_vertical=&#8221;40px&#8221; box_shadow_blur=&#8221;80px&#8221; box_shadow_spread=&#8221;-50px&#8221; global_colors_info=&#8221;{}&#8221; button_text_color__hover_enabled=&#8221;on|desktop&#8221; button_bg_color__hover_enabled=&#8221;on|hover&#8221; button_bg_color__hover=&#8221;#AC204D&#8221; button_bg_enable_color__hover=&#8221;on&#8221; button_text_color__hover=&#8221;#FFFFFF&#8221;]<\/p>\n<p><span>Femme fondacija najavila je po\u010detak realizacije projekta \u201eOtklju\u010dajmo\u201c sistem za u\u010de\u0161\u0107e mladih, koji ima za cilj da unaprijedi komunikaciju i saradnju izme\u0111u mladih, lokalnih institucija, donosioca odluka i organizacija koje se bave omladinskom politikom.<br \/><a href=\"https:\/\/adria.tv\/vijesti\/drustvo\/femme-fondacija-spaja-ucenje-i-zabavu-mladi-na-cetinju-kroz-escape-room-do-aktivnog-ucesca-u-donosenju-odluka\/\" target=\"_blank\" rel=\"noopener\">Op\u0161irnije&#8230;<\/a><\/span><\/p>\n<p>[\/dsm_card][\/et_pb_column][\/et_pb_row][et_pb_row column_structure=&#8221;1_2,1_2&#8243; make_equal=&#8221;on&#8221; custom_padding_last_edited=&#8221;on|tablet&#8221; module_class=&#8221;dtb-equal-height&#8221; _builder_version=&#8221;4.16&#8243; _module_preset=&#8221;default&#8221; background_color=&#8221;#fffbf5&#8243; width=&#8221;85%&#8221; custom_padding=&#8221;40px|40px|40px|40px|true|true&#8221; custom_padding_tablet=&#8221;&#8221; custom_padding_phone=&#8221;40px|20px|40px|20px|true|true&#8221; box_shadow_style=&#8221;preset1&#8243; box_shadow_vertical=&#8221;45px&#8221; box_shadow_blur=&#8221;80px&#8221; box_shadow_spread=&#8221;-40px&#8221; global_colors_info=&#8221;{}&#8221;][et_pb_column type=&#8221;1_2&#8243; _builder_version=&#8221;4.16&#8243; _module_preset=&#8221;default&#8221; global_colors_info=&#8221;{}&#8221;][dsm_card title=&#8221; Dru\u0161tvo Fondacija \u201cOsna\u017eena \u2013 Femme forte\u201d zapo\u010dela je projekat pod nazivom \u201cCrnogorska \u017eena danas: Putevi emancipacije\u201d&#8221; subtitle=&#8221;Preduzetnica.me&#8221; image=&#8221;https:\/\/femmefondacija.com\/wp-content\/uploads\/2025\/02\/novosti-preduzetnica.jpeg&#8221; content_padding=&#8221;20px|20px|20px|20px|true|true&#8221; button_url_new_window=&#8221;1&#8243; _builder_version=&#8221;4.27.4&#8243; _module_preset=&#8221;default&#8221; header_text_align=&#8221;left&#8221; header_line_height=&#8221;1.3em&#8221; body_text_align=&#8221;left&#8221; body_font_size=&#8221;16px&#8221; subhead_font=&#8221;|600|||||||&#8221; subhead_text_align=&#8221;left&#8221; subhead_text_color=&#8221;#AC204D&#8221; subhead_font_size=&#8221;17px&#8221; custom_button=&#8221;on&#8221; button_text_size=&#8221;15px&#8221; button_text_color=&#8221;#AC204D&#8221; button_border_radius=&#8221;0px&#8221; button_letter_spacing=&#8221;2px&#8221; button_font=&#8221;|700||on|||||&#8221; button_use_icon=&#8221;off&#8221; button_alignment=&#8221;center&#8221; button_custom_padding=&#8221;14px|24px|14px|24px|true|true&#8221; header_line_height_tablet=&#8221;&#8221; header_line_height_phone=&#8221;&#8221; header_line_height_last_edited=&#8221;on|phone&#8221; body_font_size_tablet=&#8221;&#8221; body_font_size_phone=&#8221;15px&#8221; body_font_size_last_edited=&#8221;on|phone&#8221; subhead_font_size_tablet=&#8221;&#8221; subhead_font_size_phone=&#8221;16px&#8221; subhead_font_size_last_edited=&#8221;on|phone&#8221; button_text_color_tablet=&#8221;&#8221; button_text_color_phone=&#8221;&#8221; button_text_color_last_edited=&#8221;on|phone&#8221; button_bg_color_tablet=&#8221;&#8221; button_bg_color_phone=&#8221;&#8221; button_bg_color_last_edited=&#8221;on|desktop&#8221; button_bg_enable_color_phone=&#8221;off&#8221; border_width_bottom_image=&#8221;3px&#8221; border_color_bottom_image=&#8221;#AC204D&#8221; box_shadow_style=&#8221;preset1&#8243; box_shadow_vertical=&#8221;40px&#8221; box_shadow_blur=&#8221;80px&#8221; box_shadow_spread=&#8221;-50px&#8221; global_colors_info=&#8221;{}&#8221; button_text_color__hover_enabled=&#8221;on|desktop&#8221; button_bg_color__hover_enabled=&#8221;on|hover&#8221; button_bg_color__hover=&#8221;#AC204D&#8221; button_bg_enable_color__hover=&#8221;on&#8221; button_text_color__hover=&#8221;#FFFFFF&#8221;]<\/p>\n<p><span>Cilj projekta je promovisanje rodne ravnopravnosti kroz razli\u010dite inovativne aktivnosti koje \u0107e informisati, osna\u017eiti i anga\u017eovati gra\u0111ane i gra\u0111anke Crne Gore, posebno mla\u0111e generacije \u2013 saop\u0161teno je iz Fondacije.<br \/><a href=\"https:\/\/preduzetnica.me\/fondacija-osnazena-femme-forte-zapocela-je-projekat-pod-nazivom-crnogorska-zena-danas-putevi-emancipacije\/\" target=\"_blank\" rel=\"noopener\">Op\u0161irnije&#8230;<\/a><\/span><\/p>\n<p>[\/dsm_card][\/et_pb_column][et_pb_column type=&#8221;1_2&#8243; _builder_version=&#8221;4.16&#8243; _module_preset=&#8221;default&#8221; custom_padding_tablet=&#8221;&#8221; custom_padding_phone=&#8221;30px||||false|false&#8221; custom_padding_last_edited=&#8221;on|phone&#8221; global_colors_info=&#8221;{}&#8221;][dsm_card title=&#8221;Performans u Andrijevici: \u201eTa\u010dka lomljenja\u201c kao presjek dru\u0161tvene svijesti u Andrijevici&#8221; subtitle=&#8221;Pobjeda&#8221; image=&#8221;https:\/\/femmefondacija.com\/wp-content\/uploads\/2025\/02\/1730732915-7-avraula-i_960x600.jpg&#8221; content_padding=&#8221;20px|20px|20px|20px|true|true&#8221; button_url_new_window=&#8221;1&#8243; _builder_version=&#8221;4.27.4&#8243; _module_preset=&#8221;default&#8221; header_text_align=&#8221;left&#8221; header_line_height=&#8221;1.3em&#8221; body_text_align=&#8221;left&#8221; body_font_size=&#8221;16px&#8221; subhead_font=&#8221;|600|||||||&#8221; subhead_text_align=&#8221;left&#8221; subhead_text_color=&#8221;#AC204D&#8221; subhead_font_size=&#8221;17px&#8221; custom_button=&#8221;on&#8221; button_text_size=&#8221;15px&#8221; button_text_color=&#8221;#AC204D&#8221; button_border_radius=&#8221;0px&#8221; button_letter_spacing=&#8221;2px&#8221; button_font=&#8221;|700||on|||||&#8221; button_use_icon=&#8221;off&#8221; button_alignment=&#8221;center&#8221; button_custom_padding=&#8221;14px|24px|14px|24px|true|true&#8221; header_line_height_tablet=&#8221;&#8221; header_line_height_phone=&#8221;&#8221; header_line_height_last_edited=&#8221;on|phone&#8221; body_font_size_tablet=&#8221;&#8221; body_font_size_phone=&#8221;15px&#8221; body_font_size_last_edited=&#8221;on|phone&#8221; subhead_font_size_tablet=&#8221;&#8221; subhead_font_size_phone=&#8221;16px&#8221; subhead_font_size_last_edited=&#8221;on|phone&#8221; button_text_color_tablet=&#8221;&#8221; button_text_color_phone=&#8221;&#8221; button_text_color_last_edited=&#8221;on|phone&#8221; button_bg_color_tablet=&#8221;&#8221; button_bg_color_phone=&#8221;&#8221; button_bg_color_last_edited=&#8221;on|desktop&#8221; button_bg_enable_color_phone=&#8221;off&#8221; border_width_bottom_image=&#8221;3px&#8221; border_color_bottom_image=&#8221;#AC204D&#8221; box_shadow_style=&#8221;preset1&#8243; box_shadow_vertical=&#8221;40px&#8221; box_shadow_blur=&#8221;80px&#8221; box_shadow_spread=&#8221;-50px&#8221; global_colors_info=&#8221;{}&#8221; button_text_color__hover_enabled=&#8221;on|desktop&#8221; button_bg_color__hover_enabled=&#8221;on|hover&#8221; button_bg_color__hover=&#8221;#AC204D&#8221; button_bg_enable_color__hover=&#8221;on&#8221; button_text_color__hover=&#8221;#FFFFFF&#8221;]<\/p>\n<p><span>Performans \u201eTa\u010dka lomljenja\u201c, kratka izvedbena forma koja predstavlja presjek \u0161ire dru\u0161tvene slike i ukazuje na psiholo\u0161ku ta\u010dku lomljenja mladih \u017eena pod pritiskom zajednice kako u online, tako i u realnom svijetu, izvedena je u Andrijevici. <a href=\"https:\/\/www.pobjeda.me\/clanak\/performans-u-andrijevici-tacka-lomljenja-kao-presjek-drustvene-svijesti-u-andrijevici\" target=\"_blank\" rel=\"noopener\">Op\u0161irnije&#8230;<\/a><\/span><\/p>\n<p>[\/dsm_card][\/et_pb_column][\/et_pb_row][et_pb_row column_structure=&#8221;1_2,1_2&#8243; custom_padding_last_edited=&#8221;on|phone&#8221; _builder_version=&#8221;4.19.5&#8243; _module_preset=&#8221;default&#8221; custom_padding=&#8221;100px|40px|100px|40px|false|true&#8221; custom_padding_tablet=&#8221;100px|40px||40px|false|true&#8221; custom_padding_phone=&#8221;80px|20px||20px|false|true&#8221; global_colors_info=&#8221;{}&#8221;][et_pb_column type=&#8221;1_2&#8243; _builder_version=&#8221;4.16&#8243; _module_preset=&#8221;default&#8221; global_colors_info=&#8221;{}&#8221;][dsm_card title=&#8221;Konferencija \u201cGovor mr\u017enje: Od nasilja do solidarnosti?\u201d 9. decembra u Podgorici&#8221; subtitle=&#8221;Aktuelno.me&#8221; image=&#8221;https:\/\/femmefondacija.com\/wp-content\/uploads\/2025\/02\/1733221154cgjgdguv38wlg6gr-i_1068x712.jpg&#8221; content_padding=&#8221;20px|20px|20px|20px|true|true&#8221; button_url_new_window=&#8221;1&#8243; _builder_version=&#8221;4.27.4&#8243; _module_preset=&#8221;default&#8221; header_text_align=&#8221;left&#8221; header_line_height=&#8221;1.3em&#8221; body_text_align=&#8221;left&#8221; body_font_size=&#8221;16px&#8221; subhead_font=&#8221;|600|||||||&#8221; subhead_text_align=&#8221;left&#8221; subhead_text_color=&#8221;#AC204D&#8221; subhead_font_size=&#8221;17px&#8221; custom_button=&#8221;on&#8221; button_text_size=&#8221;15px&#8221; button_text_color=&#8221;#AC204D&#8221; button_border_radius=&#8221;0px&#8221; button_letter_spacing=&#8221;2px&#8221; button_font=&#8221;|700||on|||||&#8221; button_use_icon=&#8221;off&#8221; button_alignment=&#8221;center&#8221; button_custom_padding=&#8221;14px|24px|14px|24px|true|true&#8221; header_line_height_tablet=&#8221;&#8221; header_line_height_phone=&#8221;&#8221; header_line_height_last_edited=&#8221;on|phone&#8221; body_font_size_tablet=&#8221;&#8221; body_font_size_phone=&#8221;15px&#8221; body_font_size_last_edited=&#8221;on|phone&#8221; subhead_font_size_tablet=&#8221;&#8221; subhead_font_size_phone=&#8221;16px&#8221; subhead_font_size_last_edited=&#8221;on|phone&#8221; button_text_color_tablet=&#8221;&#8221; button_text_color_phone=&#8221;&#8221; button_text_color_last_edited=&#8221;on|phone&#8221; button_bg_color_tablet=&#8221;&#8221; button_bg_color_phone=&#8221;&#8221; button_bg_color_last_edited=&#8221;on|desktop&#8221; button_bg_enable_color_phone=&#8221;off&#8221; border_width_bottom_image=&#8221;3px&#8221; border_color_bottom_image=&#8221;#AC204D&#8221; box_shadow_style=&#8221;preset1&#8243; box_shadow_vertical=&#8221;40px&#8221; box_shadow_blur=&#8221;80px&#8221; box_shadow_spread=&#8221;-50px&#8221; global_colors_info=&#8221;{}&#8221; button_text_color__hover_enabled=&#8221;on|desktop&#8221; button_bg_color__hover_enabled=&#8221;on|hover&#8221; button_bg_color__hover=&#8221;#AC204D&#8221; button_bg_enable_color__hover=&#8221;on&#8221; button_text_color__hover=&#8221;#FFFFFF&#8221;]<\/p>\n<p><span>ilj ovog doga\u0111aja je pokretanje dijaloga o sve izra\u017eenijim problemima diskriminacije, nasilja i govora mr\u017enje u Crnoj Gori, a konferenciju organizuje Femme fondacija u okviru projekta \u201cCrnogorska \u017eena danas: Putevi emancipacije\u201d, posve\u0107enog promociji rodne ravnopravnosti i ja\u010danju svijesti o emancipaciji \u017eena.<br \/><a href=\"https:\/\/www.aktuelno.me\/clanak\/konferencija-govor-mrznje-od-nasilja-do-solidarnosti-9-decembra-u-podgorici\" target=\"_blank\" rel=\"noopener\">Op\u0161irnije&#8230;<\/a><\/span><\/p>\n<p>[\/dsm_card][\/et_pb_column][et_pb_column type=&#8221;1_2&#8243; _builder_version=&#8221;4.16&#8243; _module_preset=&#8221;default&#8221; global_colors_info=&#8221;{}&#8221;][\/et_pb_column][\/et_pb_row][\/et_pb_section]<\/p>\n","protected":false},"excerpt":{"rendered":"<p>News articles<div class=\"et_pb_with_border et_pb_module dsm_card dsm_card_0 et_pb_bg_layout_light  dsm_card_layout_stacked\">\n\t\t\t\t\n\t\t\t\t\n\t\t\t\t\n\t\t\t\t\n\t\t\t\t\n\t\t\t\t\n\t\t\t\t<div class=\"et_pb_module_inner\">\n\t\t\t\t\t\n\t\t\t\n\t\t\t<figure class=\"dsm_card_image_wrapper dsm_card_badge_top_right\"><div class=\"dsm_card_image_background dsm_card_img\"><\/div><\/figure>\n\t\t\t<div class=\"et_pb_module dsm_card_wrapper et_pb_text_align_left\">\n\t\t\t\t\t\n\t\t\t\t\t<h4 class=\"dsm_card_title et_pb_module_header\">Prvi projekat Fondacije Kreativne \u017eene Crne Gore: Art radionice za cetinjske mali\u0161ane<\/h4>\n\t\t\t\t\t<div class=\"dsm_card_subtitle\">Portal Analitika<\/div>\n\t\t\t\t\t<div class=\"dsm_card_description\">U organizaciji novoosnovane Fondacije Kreativne \u017eene Crne Gore u prijestonici je organizovan niz Art radionica za cetinjske mali\u0161ane. Op\u0161irnije&#8230;<\/div>\n\t\t\t\t\t\n\t\t\t\t<\/div>\n\t\t\t\n\t\t\t\t<\/div>\n\t\t\t<\/div><div class=\"et_pb_with_border et_pb_module dsm_card dsm_card_1 et_pb_bg_layout_light  dsm_card_layout_stacked\">\n\t\t\t\t\n\t\t\t\t\n\t\t\t\t\n\t\t\t\t\n\t\t\t\t\n\t\t\t\t\n\t\t\t\t<div class=\"et_pb_module_inner\">\n\t\t\t\t\t\n\t\t\t\n\t\t\t<figure class=\"dsm_card_image_wrapper dsm_card_badge_top_right\"><div class=\"dsm_card_image_background dsm_card_img\"><\/div><\/figure>\n\t\t\t<div class=\"et_pb_module dsm_card_wrapper et_pb_text_align_left\">\n\t\t\t\t\t\n\t\t\t\t\t<h4 class=\"dsm_card_title et_pb_module_header\">Snaga \u017eenske inicijative, energije i duha<\/h4>\n\t\t\t\t\t<div class=\"dsm_card_subtitle\">Gracija<\/div>\n\t\t\t\t\t<div class=\"dsm_card_description\">Fondacija Kreativne \u017eene Crne Gore udru\u017eena je u misiji da kroz sadr\u017eajne programe i projekte uka\u017ee na va\u017enost obrazovanja, kulture, nauke i preduzetni\u0161tva. Op\u0161irnije&#8230;<\/div>\n\t\t\t\t\t\n\t\t\t\t<\/div>\n\t\t\t\n\t\t\t\t<\/div>\n\t\t\t<\/div><div class=\"et_pb_module dsm_card dsm_card_2 et_pb_bg_layout_light  dsm_card_layout_stacked\">\n\t\t\t\t\n\t\t\t\t\n\t\t\t\t\n\t\t\t\t\n\t\t\t\t\n\t\t\t\t\n\t\t\t\t<div class=\"et_pb_module_inner\">\n\t\t\t\t\t\n\t\t\t\n\t\t\t<figure class=\"dsm_card_image_wrapper dsm_card_badge_top_right\"><div class=\"dsm_card_image_background dsm_card_img\"><\/div><\/figure>\n\t\t\t<div class=\"et_pb_module dsm_card_wrapper et_pb_text_align_left\">\n\t\t\t\t\t\n\t\t\t\t\t<h4 class=\"dsm_card_title et_pb_module_header\">&#8221;Revitalizacija<\/h4>\n\t\t\t\t\t<div class=\"dsm_card_subtitle\">&#8221;Portal<\/div>\n\t\t\t\t\t\n\t\t\t\t\t\n\t\t\t\t<\/div>\n\t\t\t\n\t\t\t\t<\/div>\n\t\t\t<\/div><\/p>\n","protected":false},"author":1,"featured_media":0,"parent":0,"menu_order":0,"comment_status":"closed","ping_status":"closed","template":"","meta":{"_seopress_robots_primary_cat":"","_seopress_titles_title":"","_seopress_titles_desc":"","_seopress_robots_index":"","_et_pb_use_builder":"on","_et_pb_old_content":"","_et_gb_content_width":"","footnotes":""},"class_list":["post-350703","page","type-page","status-publish","hentry"],"_links":{"self":[{"href":"https:\/\/femmefondacija.com\/en\/wp-json\/wp\/v2\/pages\/350703","targetHints":{"allow":["GET"]}}],"collection":[{"href":"https:\/\/femmefondacija.com\/en\/wp-json\/wp\/v2\/pages"}],"about":[{"href":"https:\/\/femmefondacija.com\/en\/wp-json\/wp\/v2\/types\/page"}],"author":[{"embeddable":true,"href":"https:\/\/femmefondacija.com\/en\/wp-json\/wp\/v2\/users\/1"}],"replies":[{"embeddable":true,"href":"https:\/\/femmefondacija.com\/en\/wp-json\/wp\/v2\/comments?post=350703"}],"version-history":[{"count":14,"href":"https:\/\/femmefondacija.com\/en\/wp-json\/wp\/v2\/pages\/350703\/revisions"}],"predecessor-version":[{"id":351718,"href":"https:\/\/femmefondacija.com\/en\/wp-json\/wp\/v2\/pages\/350703\/revisions\/351718"}],"wp:attachment":[{"href":"https:\/\/femmefondacija.com\/en\/wp-json\/wp\/v2\/media?parent=350703"}],"curies":[{"name":"wp","href":"https:\/\/api.w.org\/{rel}","templated":true}]}}