{"id":349733,"date":"2021-10-20T23:51:24","date_gmt":"2021-10-20T23:51:24","guid":{"rendered":"https:\/\/femmefondacija.com\/misioni-vizioni-dhe-qellimet\/"},"modified":"2021-12-01T23:06:34","modified_gmt":"2021-12-01T23:06:34","slug":"misioni-vizioni-dhe-qellimet","status":"publish","type":"page","link":"https:\/\/femmefondacija.com\/sq\/misioni-vizioni-dhe-qellimet\/","title":{"rendered":"Misioni, vizioni dhe q\u00ebllimet"},"content":{"rendered":"<p>[et_pb_section fb_built=&#8221;1&#8243; custom_padding_last_edited=&#8221;on|phone&#8221; admin_label=&#8221;Header&#8221; _builder_version=&#8221;4.12.1&#8243; background_color=&#8221;rgba(255,255,255,0.9)&#8221; background_image=&#8221;https:\/\/femmefondacija.com\/wp-content\/uploads\/2021\/11\/Header-background.png&#8221; background_blend=&#8221;overlay&#8221; overflow-x=&#8221;hidden&#8221; overflow-y=&#8221;hidden&#8221; custom_padding=&#8221;||150px||false|false&#8221; custom_padding_tablet=&#8221;||80px||false|false&#8221; custom_padding_phone=&#8221;||80px||false|false&#8221; background_last_edited=&#8221;on|phone&#8221; background_position_phone=&#8221;center_left&#8221; locked=&#8221;off&#8221; global_colors_info=&#8221;{}&#8221;][et_pb_row _builder_version=&#8221;4.11.3&#8243; custom_padding=&#8221;||40px||false|false&#8221; global_colors_info=&#8221;{}&#8221;][et_pb_column type=&#8221;4_4&#8243; _builder_version=&#8221;3.26.5&#8243; custom_padding=&#8221;||30px||false|false&#8221; global_colors_info=&#8221;{}&#8221;][et_pb_text _builder_version=&#8221;4.11.3&#8243; _module_preset=&#8221;ac702301-43fe-459f-968f-96cfa028e56e&#8221; locked=&#8221;off&#8221; global_colors_info=&#8221;{}&#8221;]<\/p>\n<h1>Misioni, vizioni dhe q\u00ebllimet<\/h1>\n<p>[\/et_pb_text][\/et_pb_column][\/et_pb_row][et_pb_row column_structure=&#8221;1_2,1_2&#8243; custom_padding_last_edited=&#8221;on|phone&#8221; _builder_version=&#8221;4.11.3&#8243; _module_preset=&#8221;default&#8221; background_color=&#8221;#fffbf5&#8243; width=&#8221;85%&#8221; custom_padding=&#8221;40px|70px|40px|70px|true|true&#8221; custom_padding_tablet=&#8221;&#8221; custom_padding_phone=&#8221;|20px||20px|true|true&#8221; box_shadow_style=&#8221;preset1&#8243; box_shadow_vertical=&#8221;45px&#8221; box_shadow_blur=&#8221;80px&#8221; box_shadow_spread=&#8221;-40px&#8221; global_colors_info=&#8221;{}&#8221;][et_pb_column type=&#8221;1_2&#8243; _builder_version=&#8221;4.11.3&#8243; _module_preset=&#8221;default&#8221; global_colors_info=&#8221;{}&#8221;][et_pb_text _builder_version=&#8221;4.11.3&#8243; _module_preset=&#8221;59875fc5-0533-4523-8232-4701f372a2f4&#8243; locked=&#8221;off&#8221; global_colors_info=&#8221;{}&#8221;]<\/p>\n<h2>MISIONI<\/h2>\n<p>[\/et_pb_text][et_pb_divider color=&#8221;#ffd4a3&#8243; divider_weight=&#8221;2px&#8221; _builder_version=&#8221;4.11.3&#8243; width=&#8221;100px&#8221; custom_margin=&#8221;||0px||false|false&#8221; custom_margin_tablet=&#8221;|||0px|false|false&#8221; custom_margin_phone=&#8221;&#8221; custom_margin_last_edited=&#8221;on|desktop&#8221; locked=&#8221;off&#8221; global_colors_info=&#8221;{}&#8221;][\/et_pb_divider][et_pb_text _builder_version=&#8221;4.11.3&#8243; text_font=&#8221;||||||||&#8221; text_font_size=&#8221;16px&#8221; max_width=&#8221;800px&#8221; text_font_size_tablet=&#8221;&#8221; text_font_size_phone=&#8221;15px&#8221; text_font_size_last_edited=&#8221;on|desktop&#8221; text_line_height_tablet=&#8221;&#8221; text_line_height_phone=&#8221;1.6em&#8221; text_line_height_last_edited=&#8221;on|desktop&#8221; locked=&#8221;off&#8221; global_colors_info=&#8221;{}&#8221;]<\/p>\n<p>Fondacioni Femrat Krijuese t\u00eb Malit t\u00eb Zi u themelua nga nj\u00eb grup femrash t\u00eb talentuara dhe t\u00eb suksesshme t\u00eb profesioneve, ndjeshm\u00ebrive, reflektimeve dhe karaktereve t\u00eb ndryshme.<\/p>\n<p>Pavar\u00ebsisht interesave dhe sferave t\u00eb ndryshme t\u00eb veprimit, em\u00ebruesit e p\u00ebrbashk\u00ebt t\u00eb t\u00eb gjitha an\u00ebtareve tona jan\u00eb: krijimtaria, forca, solidariteti, proaktiviteti, besnik\u00ebria ndaj Malit t\u00eb Zi dhe p\u00ebrkushtimi i pakusht\u00ebzuar p\u00ebr p\u00ebrparimin e tij t\u00eb p\u00ebrgjithsh\u00ebm.<\/p>\n<p>An\u00ebtaret e Fondacionit jan\u00eb t\u00eb bashkuara n\u00eb misionin q\u00eb p\u00ebrmes projekteve dhe aktiviteteve t\u00eb pasura t\u00eb theksojn\u00eb r\u00ebnd\u00ebsin\u00eb e arsimit, kultur\u00ebs, shkenc\u00ebs dhe sip\u00ebrmarrjes, si dhe domosdoshm\u00ebrin\u00eb e emancipimit t\u00eb shoq\u00ebris\u00eb malazeze n\u00eb lidhje me t\u00eb drejtat dhe pozit\u00ebn e femrave, barazin\u00eb ekonomike, politike dhe shoq\u00ebrore.<\/p>\n<p>Rrjet\u00ebzimi me shoqatat e nd\u00ebrlidhura n\u00eb kornizat rajonale dhe evropiane, p\u00ebr t\u00eb realizuar aksione, nisma dhe projekte t\u00eb p\u00ebrbashk\u00ebta, si dhe aspekti humanitar shum\u00eb i nevojsh\u00ebm i pun\u00ebs s\u00eb Fondacionit, duhet t\u00eb forcoj\u00eb edhe komunitetin lokal, por gjithashtu t\u00eb afirmoj\u00eb arritjet krijuese dhe sip\u00ebrmarr\u00ebse t\u00eb femrave nga Mali i Zi n\u00eb nivel rajonal dhe nd\u00ebrkomb\u00ebtar.<\/p>\n<p>[\/et_pb_text][\/et_pb_column][et_pb_column type=&#8221;1_2&#8243; _builder_version=&#8221;4.11.3&#8243; _module_preset=&#8221;default&#8221; custom_padding=&#8221;96px||||false|false&#8221; custom_padding_tablet=&#8221;0px||||false|false&#8221; custom_padding_phone=&#8221;0px||||false|false&#8221; custom_padding_last_edited=&#8221;on|tablet&#8221; global_colors_info=&#8221;{}&#8221;][et_pb_text _builder_version=&#8221;4.11.3&#8243; text_font=&#8221;||||||||&#8221; text_font_size=&#8221;16px&#8221; max_width=&#8221;800px&#8221; custom_margin=&#8221;||20px||false|false&#8221; custom_margin_tablet=&#8221;-13px||||false|false&#8221; custom_margin_phone=&#8221;-13px||30px||false|false&#8221; custom_margin_last_edited=&#8221;on|desktop&#8221; text_font_size_tablet=&#8221;&#8221; text_font_size_phone=&#8221;15px&#8221; text_font_size_last_edited=&#8221;on|phone&#8221; text_line_height_tablet=&#8221;&#8221; text_line_height_phone=&#8221;1.6em&#8221; text_line_height_last_edited=&#8221;on|desktop&#8221; locked=&#8221;off&#8221; global_colors_info=&#8221;{}&#8221;]<\/p>\n<p>P\u00ebrve\u00e7 v\u00ebnies n\u00eb dukje t\u00eb paragjykimeve dhe pabarazis\u00eb gjinore, Fondacioni \u00ebsht\u00eb i angazhuar edhe n\u00eb misionin e forcimit t\u00eb kapaciteteve t\u00eb institucioneve tona, por edhe n\u00eb rritjen e nd\u00ebrgjegj\u00ebsimit p\u00ebr identitetin komb\u00ebtar.<\/p>\n<p>[\/et_pb_text][dsm_icon_list icon_padding=&#8221;10px&#8221; icon_font_size=&#8221;16px&#8221; text_indent=&#8221;0px&#8221; icon_padding_tablet=&#8221;&#8221; icon_padding_phone=&#8221;0px&#8221; icon_padding_last_edited=&#8221;on|phone&#8221; list_space_between_tablet=&#8221;&#8221; list_space_between_phone=&#8221;10px&#8221; list_space_between_last_edited=&#8221;on|phone&#8221; text_indent_tablet=&#8221;&#8221; text_indent_phone=&#8221;&#8221; text_indent_last_edited=&#8221;on|phone&#8221; _builder_version=&#8221;4.11.4&#8243; _module_preset=&#8221;default&#8221; text_font_size=&#8221;16px&#8221; custom_margin=&#8221;-13px||||false|false&#8221; text_font_size_tablet=&#8221;&#8221; text_font_size_phone=&#8221;16px&#8221; text_font_size_last_edited=&#8221;on|phone&#8221; global_colors_info=&#8221;{}&#8221;][dsm_icon_list_child text=&#8221;Ngrejm\u00eb dor\u00ebn lart p\u00ebr t\u00eb gjitha historit\u00eb n\u00eb t\u00eb cilat femrat jan\u00eb n\u00eb rolin kryesor&#8221; font_icon=&#8221;&#xe04e;||divi||400&#8243; icon_color=&#8221;#AC204D&#8221; icon_padding=&#8221;10px&#8221; icon_font_size=&#8221;16px&#8221; _builder_version=&#8221;4.11.4&#8243; _module_preset=&#8221;default&#8221; text_font_size=&#8221;16px&#8221; text_font_size_tablet=&#8221;&#8221; text_font_size_phone=&#8221;15px&#8221; text_font_size_last_edited=&#8221;on|phone&#8221; global_colors_info=&#8221;{}&#8221;][\/dsm_icon_list_child][dsm_icon_list_child text=&#8221;Inicojm\u00eb, frym\u00ebzojm\u00eb dhe motivojm\u00eb p\u00ebr bot\u00ebn e prosperitetit dhe krijimtaris\u00eb &#8221; font_icon=&#8221;&#xe04e;||divi||400&#8243; icon_color=&#8221;#AC204D&#8221; icon_padding=&#8221;10px&#8221; icon_font_size=&#8221;16px&#8221; _builder_version=&#8221;4.11.3&#8243; _module_preset=&#8221;default&#8221; text_font_size=&#8221;16px&#8221; text_font_size_tablet=&#8221;&#8221; text_font_size_phone=&#8221;15px&#8221; text_font_size_last_edited=&#8221;on|phone&#8221; global_colors_info=&#8221;{}&#8221;][\/dsm_icon_list_child][dsm_icon_list_child text=&#8221;Avokojm\u00eb p\u00ebr nj\u00eb shoq\u00ebri humane dhe p\u00ebrparim t\u00eb barabart\u00eb p\u00ebr t\u00eb gjith\u00eb n\u00eb Malin e Zi&#8221; font_icon=&#8221;&#xe04e;||divi||400&#8243; icon_color=&#8221;#AC204D&#8221; icon_padding=&#8221;10px&#8221; icon_font_size=&#8221;16px&#8221; _builder_version=&#8221;4.11.3&#8243; _module_preset=&#8221;default&#8221; text_font_size=&#8221;16px&#8221; text_font_size_tablet=&#8221;&#8221; text_font_size_phone=&#8221;15px&#8221; text_font_size_last_edited=&#8221;on|phone&#8221; global_colors_info=&#8221;{}&#8221;][\/dsm_icon_list_child][dsm_icon_list_child text=&#8221;P\u00ebrmes veprimit dhe aktivizmit proaktiv ne gjejm\u00eb dhe festojm\u00eb arritjet e femrave&#8221; font_icon=&#8221;&#xe04e;||divi||400&#8243; icon_color=&#8221;#AC204D&#8221; icon_padding=&#8221;10px&#8221; icon_font_size=&#8221;16px&#8221; _builder_version=&#8221;4.11.3&#8243; _module_preset=&#8221;default&#8221; text_font_size=&#8221;16px&#8221; text_font_size_tablet=&#8221;&#8221; text_font_size_phone=&#8221;15px&#8221; text_font_size_last_edited=&#8221;on|phone&#8221; global_colors_info=&#8221;{}&#8221;][\/dsm_icon_list_child][dsm_icon_list_child text=&#8221;P\u00ebrpiqemi t\u00eb japim kontribut modest n\u00eb nd\u00ebrtimin e nj\u00eb bote gjith\u00ebp\u00ebrfshir\u00ebse &#8221; font_icon=&#8221;&#xe04e;||divi||400&#8243; icon_color=&#8221;#AC204D&#8221; icon_padding=&#8221;10px&#8221; icon_font_size=&#8221;16px&#8221; _builder_version=&#8221;4.11.3&#8243; _module_preset=&#8221;default&#8221; text_font_size=&#8221;16px&#8221; text_font_size_tablet=&#8221;&#8221; text_font_size_phone=&#8221;15px&#8221; text_font_size_last_edited=&#8221;on|phone&#8221; global_colors_info=&#8221;{}&#8221;][\/dsm_icon_list_child][dsm_icon_list_child text=&#8221;Jemi t\u00eb vendosura p\u00ebr t\u00eb v\u00ebn\u00eb n\u00eb dukje dhe p\u00ebr t\u00eb sfiduar t\u00eb gjitha padrejt\u00ebsit\u00eb dhe pabarazit\u00eb me t\u00eb cilat p\u00ebrballen femrat sot dhe k\u00ebtu.&#8221; font_icon=&#8221;&#xe04e;||divi||400&#8243; icon_color=&#8221;#AC204D&#8221; icon_padding=&#8221;10px&#8221; icon_font_size=&#8221;16px&#8221; _builder_version=&#8221;4.11.3&#8243; _module_preset=&#8221;default&#8221; text_font_size=&#8221;16px&#8221; text_font_size_tablet=&#8221;&#8221; text_font_size_phone=&#8221;15px&#8221; text_font_size_last_edited=&#8221;on|phone&#8221; global_colors_info=&#8221;{}&#8221;][\/dsm_icon_list_child][\/dsm_icon_list][\/et_pb_column][\/et_pb_row][\/et_pb_section][et_pb_section fb_built=&#8221;1&#8243; admin_label=&#8221;About&#8221; _builder_version=&#8221;3.26.5&#8243; use_background_color_gradient=&#8221;on&#8221; background_color_gradient_start=&#8221;#ffdfd6&#8243; background_color_gradient_end=&#8221;#ffd4a3&#8243; background_color_gradient_direction=&#8221;90deg&#8221; custom_margin=&#8221;-4px||130px||false|false&#8221; custom_margin_tablet=&#8221;60px||||false|false&#8221; custom_margin_phone=&#8221;&#8221; custom_margin_last_edited=&#8221;on|phone&#8221; locked=&#8221;off&#8221; global_colors_info=&#8221;{}&#8221;][et_pb_row column_structure=&#8221;3_5,2_5&#8243; use_custom_gutter=&#8221;on&#8221; gutter_width=&#8221;2&#8243; make_equal=&#8221;on&#8221; custom_padding_last_edited=&#8221;off|desktop&#8221; admin_label=&#8221;Row&#8221; _builder_version=&#8221;4.11.3&#8243; width=&#8221;85%&#8221; max_width=&#8221;1280px&#8221; custom_margin=&#8221;-140px|auto|-140px|auto|false|false&#8221; custom_padding_tablet=&#8221;|40px||40px|false|true&#8221; custom_padding_phone=&#8221;|20px||20px|false|true&#8221; background_last_edited=&#8221;off|desktop&#8221; background_enable_image_tablet=&#8221;off&#8221; global_colors_info=&#8221;{}&#8221;][et_pb_column type=&#8221;3_5&#8243; _builder_version=&#8221;4.11.3&#8243; background_color=&#8221;#ffffff&#8221; custom_padding=&#8221;50px|70px|50px|70px|true|true&#8221; custom_padding_tablet=&#8221;40px|40px|40px||true|false&#8221; custom_padding_phone=&#8221;|20px||20px|true|false&#8221; custom_padding_last_edited=&#8221;on|phone&#8221; box_shadow_style=&#8221;preset1&#8243; box_shadow_vertical=&#8221;80px&#8221; box_shadow_blur=&#8221;80px&#8221; box_shadow_color=&#8221;rgba(56,21,11,0.09)&#8221; global_colors_info=&#8221;{}&#8221;][et_pb_text _builder_version=&#8221;4.11.3&#8243; _module_preset=&#8221;59875fc5-0533-4523-8232-4701f372a2f4&#8243; locked=&#8221;off&#8221; global_colors_info=&#8221;{}&#8221;]<\/p>\n<h2>Q\u00cbLLIMET<\/h2>\n<p>[\/et_pb_text][et_pb_divider color=&#8221;#ffd4a3&#8243; divider_weight=&#8221;2px&#8221; _builder_version=&#8221;4.11.3&#8243; width=&#8221;100px&#8221; custom_margin=&#8221;||0px||false|false&#8221; locked=&#8221;off&#8221; global_colors_info=&#8221;{}&#8221;][\/et_pb_divider][et_pb_text _builder_version=&#8221;4.11.3&#8243; text_font=&#8221;||||||||&#8221; text_font_size=&#8221;16px&#8221; max_width=&#8221;800px&#8221; custom_margin=&#8221;||20px||false|false&#8221; text_font_size_tablet=&#8221;&#8221; text_font_size_phone=&#8221;15px&#8221; text_font_size_last_edited=&#8221;on|desktop&#8221; text_line_height_tablet=&#8221;&#8221; text_line_height_phone=&#8221;1.6em&#8221; text_line_height_last_edited=&#8221;on|desktop&#8221; locked=&#8221;off&#8221; global_colors_info=&#8221;{}&#8221;]<\/p>\n<p>Nj\u00eb nga fokuset e veprimtaris\u00eb s\u00eb Fondacionit \u00ebsht\u00eb krijimi i nj\u00eb klime t\u00eb favorshme p\u00ebr lirimin dhe zgjerimin e potencialit krijues t\u00eb femrave, n\u00eb frym\u00ebn e praktikave moderne dhe standardeve evropiane.<\/p>\n<p>Bazuar n\u00eb postulatet e v\u00ebrteta t\u00eb vlerave shoq\u00ebrore, multietnike, dhe multikonfesionale t\u00eb nj\u00eb shoq\u00ebrie t\u00eb hapur laike, Fondacioni Femrat Krijuese t\u00eb Malit t\u00eb Zi vepron n\u00eb p\u00ebrputhje me virtytet e trash\u00ebguara nga qenia shoq\u00ebrore malazeze.<\/p>\n<p>Prandaj, p\u00ebrve\u00e7 t\u00eb tjerash, q\u00ebllimet e Fondacionit jan\u00eb edhe:<\/p>\n<p>[\/et_pb_text][dsm_icon_list icon_padding=&#8221;0px&#8221; icon_font_size=&#8221;16px&#8221; text_indent=&#8221;10px&#8221; icon_font_size_tablet=&#8221;&#8221; icon_font_size_phone=&#8221;15px&#8221; icon_font_size_last_edited=&#8221;on|phone&#8221; list_space_between_tablet=&#8221;&#8221; list_space_between_phone=&#8221;10px&#8221; list_space_between_last_edited=&#8221;on|phone&#8221; text_indent_tablet=&#8221;&#8221; text_indent_phone=&#8221;&#8221; text_indent_last_edited=&#8221;on|desktop&#8221; _builder_version=&#8221;4.11.3&#8243; _module_preset=&#8221;default&#8221; text_font_size=&#8221;16px&#8221; custom_margin=&#8221;-5px||||false|false&#8221; text_font_size_tablet=&#8221;&#8221; text_font_size_phone=&#8221;16px&#8221; text_font_size_last_edited=&#8221;on|desktop&#8221; global_colors_info=&#8221;{}&#8221;][dsm_icon_list_child text=&#8221;Forcimi i liris\u00eb s\u00eb fjal\u00ebs dhe afirmimi i s\u00eb drejt\u00ebs p\u00ebr mendim t\u00eb lir\u00eb t\u00eb t\u00eb gjith\u00ebve, pa p\u00ebrjashtim&#8221; font_icon=&#8221;&#xe052;||divi||400&#8243; icon_color=&#8221;#AC204D&#8221; icon_padding=&#8221;10px&#8221; icon_font_size=&#8221;16px&#8221; _builder_version=&#8221;4.11.3&#8243; _module_preset=&#8221;default&#8221; text_font_size=&#8221;16px&#8221; text_font_size_tablet=&#8221;&#8221; text_font_size_phone=&#8221;15px&#8221; text_font_size_last_edited=&#8221;on|phone&#8221; global_colors_info=&#8221;{}&#8221;][\/dsm_icon_list_child][dsm_icon_list_child text=&#8221;Promovimi dhe ruajtja e trash\u00ebgimis\u00eb kulturore t\u00eb Malit t\u00eb Zi dhe identitetit t\u00eb tij&#8221; font_icon=&#8221;&#xe052;||divi||400&#8243; icon_color=&#8221;#AC204D&#8221; icon_padding=&#8221;10px&#8221; icon_font_size=&#8221;16px&#8221; _builder_version=&#8221;4.11.3&#8243; _module_preset=&#8221;default&#8221; text_font_size=&#8221;16px&#8221; text_font_size_tablet=&#8221;&#8221; text_font_size_phone=&#8221;15px&#8221; text_font_size_last_edited=&#8221;on|phone&#8221; global_colors_info=&#8221;{}&#8221;][\/dsm_icon_list_child][dsm_icon_list_child text=&#8221;Edukimi p\u00ebrmes krijimit t\u00eb p\u00ebrmbajtjeve artistike dhe kulturore&#8221; font_icon=&#8221;&#xe052;||divi||400&#8243; icon_color=&#8221;#AC204D&#8221; icon_padding=&#8221;10px&#8221; icon_font_size=&#8221;16px&#8221; _builder_version=&#8221;4.11.3&#8243; _module_preset=&#8221;default&#8221; text_font_size=&#8221;16px&#8221; text_font_size_tablet=&#8221;&#8221; text_font_size_phone=&#8221;15px&#8221; text_font_size_last_edited=&#8221;on|phone&#8221; global_colors_info=&#8221;{}&#8221;][\/dsm_icon_list_child][dsm_icon_list_child text=&#8221;T\u00eb menduarit dhe veprimi p\u00ebr projektin n\u00eb nivel lokal dhe nd\u00ebrkomb\u00ebtar&#8221; font_icon=&#8221;&#xe052;||divi||400&#8243; icon_color=&#8221;#AC204D&#8221; icon_padding=&#8221;10px&#8221; icon_font_size=&#8221;16px&#8221; _builder_version=&#8221;4.11.3&#8243; _module_preset=&#8221;default&#8221; text_font_size=&#8221;16px&#8221; text_font_size_tablet=&#8221;&#8221; text_font_size_phone=&#8221;15px&#8221; text_font_size_last_edited=&#8221;on|phone&#8221; global_colors_info=&#8221;{}&#8221;][\/dsm_icon_list_child][dsm_icon_list_child text=&#8221;Forcimi i industris\u00eb krijuese dhe aft\u00ebsive STEM (Science, Technology, Engineering and Mathematics)&#8221; font_icon=&#8221;&#xe052;||divi||400&#8243; icon_color=&#8221;#AC204D&#8221; icon_padding=&#8221;10px&#8221; icon_font_size=&#8221;16px&#8221; _builder_version=&#8221;4.11.3&#8243; _module_preset=&#8221;default&#8221; text_font_size=&#8221;16px&#8221; text_font_size_tablet=&#8221;&#8221; text_font_size_phone=&#8221;15px&#8221; text_font_size_last_edited=&#8221;on|phone&#8221; global_colors_info=&#8221;{}&#8221;][\/dsm_icon_list_child][dsm_icon_list_child text=&#8221;Zgjerimi i potencialit krijues t\u00eb femrave&#8221; font_icon=&#8221;&#xe052;||divi||400&#8243; icon_color=&#8221;#AC204D&#8221; icon_padding=&#8221;10px&#8221; icon_font_size=&#8221;16px&#8221; _builder_version=&#8221;4.11.3&#8243; _module_preset=&#8221;default&#8221; text_font_size=&#8221;16px&#8221; text_font_size_tablet=&#8221;&#8221; text_font_size_phone=&#8221;15px&#8221; text_font_size_last_edited=&#8221;on|phone&#8221; global_colors_info=&#8221;{}&#8221;][\/dsm_icon_list_child][\/dsm_icon_list][et_pb_text _builder_version=&#8221;4.11.3&#8243; text_font=&#8221;||||||||&#8221; text_font_size=&#8221;16px&#8221; max_width=&#8221;800px&#8221; custom_margin=&#8221;||||false|false&#8221; custom_margin_tablet=&#8221;&#8221; custom_margin_phone=&#8221;-15px||||false|false&#8221; custom_margin_last_edited=&#8221;on|phone&#8221; text_font_size_tablet=&#8221;&#8221; text_font_size_phone=&#8221;15px&#8221; text_font_size_last_edited=&#8221;on|desktop&#8221; text_line_height_tablet=&#8221;&#8221; text_line_height_phone=&#8221;1.6em&#8221; text_line_height_last_edited=&#8221;on|desktop&#8221; locked=&#8221;off&#8221; global_colors_info=&#8221;{}&#8221;]<\/p>\n<p>Targetimi i Malit t\u00eb Zi si nj\u00eb mjedis i frytsh\u00ebm p\u00ebr veprimtari krijuese.<\/p>\n<p>[\/et_pb_text][\/et_pb_column][et_pb_column type=&#8221;2_5&#8243; _builder_version=&#8221;4.11.3&#8243; background_color=&#8221;#ffffff&#8221; custom_padding=&#8221;50px|70px|50px|70px|false|true&#8221; custom_padding_tablet=&#8221;40px|40px|40px||true|false&#8221; custom_padding_phone=&#8221;|20px||20px|true|true&#8221; custom_padding_last_edited=&#8221;on|phone&#8221; box_shadow_style=&#8221;preset1&#8243; box_shadow_vertical=&#8221;80px&#8221; box_shadow_blur=&#8221;80px&#8221; box_shadow_color=&#8221;rgba(56,21,11,0.09)&#8221; global_colors_info=&#8221;{}&#8221;][et_pb_text _builder_version=&#8221;4.11.3&#8243; _module_preset=&#8221;59875fc5-0533-4523-8232-4701f372a2f4&#8243; locked=&#8221;off&#8221; global_colors_info=&#8221;{}&#8221;]<\/p>\n<h2>VIZIONI<\/h2>\n<p>[\/et_pb_text][et_pb_divider color=&#8221;#ffd4a3&#8243; divider_weight=&#8221;2px&#8221; _builder_version=&#8221;4.11.3&#8243; width=&#8221;100px&#8221; custom_margin=&#8221;||0px||false|false&#8221; locked=&#8221;off&#8221; global_colors_info=&#8221;{}&#8221;][\/et_pb_divider][et_pb_text _builder_version=&#8221;4.11.3&#8243; text_font=&#8221;||||||||&#8221; text_font_size=&#8221;16px&#8221; max_width=&#8221;800px&#8221; text_font_size_tablet=&#8221;&#8221; text_font_size_phone=&#8221;15px&#8221; text_font_size_last_edited=&#8221;on|desktop&#8221; text_line_height_tablet=&#8221;&#8221; text_line_height_phone=&#8221;1.6em&#8221; text_line_height_last_edited=&#8221;on|desktop&#8221; locked=&#8221;off&#8221; global_colors_info=&#8221;{}&#8221;]<\/p>\n<p>Bazuar n\u00eb parimet e transparenc\u00ebs, drejt\u00ebsis\u00eb dhe barazis\u00eb, Fondacioni frym\u00ebzohet nga vizioni i krijimit t\u00eb nj\u00eb mjedisi cil\u00ebsor p\u00ebr afirmimin e njohurive si virtyt, dhe Malit t\u00eb Zi si nj\u00eb vend ku individualiteti, kreativiteti, aft\u00ebsia dhe edukimi do t\u00eb vler\u00ebsohen, pavar\u00ebsisht p\u00ebrkat\u00ebsis\u00eb gjinore, fetare ose nacionale. <\/p>\n<p>Forca e Femrave Krijuese t\u00eb Malit t\u00eb Zi bazohet n\u00eb vizionin e krijimit t\u00eb nj\u00eb shoq\u00ebrie m\u00eb t\u00eb mir\u00eb dhe m\u00eb humane n\u00eb t\u00ebr\u00ebsi, p\u00ebrmes nj\u00eb impulsi pozitiv t\u00eb p\u00ebrsosm\u00ebris\u00eb s\u00eb p\u00ebrbashk\u00ebt n\u00eb shum\u00eb fusha t\u00eb aktiviteteve tona.<\/p>\n<p>P\u00ebrmir\u00ebsimi dhe zhvillimi i potencialeve t\u00eb cilat i v\u00ebm\u00eb n\u00eb dispozicion t\u00eb komunitetit, jan\u00eb kontributi yn\u00eb n\u00eb krijimin e nj\u00eb shoq\u00ebrie me mund\u00ebsi t\u00eb barabarta si dhe vizioni drejt t\u00eb cilit Fondacioni synon.<\/p>\n<p>[\/et_pb_text][\/et_pb_column][\/et_pb_row][\/et_pb_section][et_pb_section fb_built=&#8221;1&#8243; admin_label=&#8221;Footer&#8221; _builder_version=&#8221;4.11.3&#8243; background_color=&#8221;rgba(255,255,255,0)&#8221; custom_padding=&#8221;4px||160px||false|false&#8221; locked=&#8221;off&#8221; global_colors_info=&#8221;{}&#8221;][et_pb_row column_structure=&#8221;1_3,1_3,1_3&#8243; _builder_version=&#8221;3.26.5&#8243; locked=&#8221;off&#8221; global_colors_info=&#8221;{}&#8221;][et_pb_column type=&#8221;1_3&#8243; _builder_version=&#8221;3.26.5&#8243; global_colors_info=&#8221;{}&#8221;][et_pb_blurb title=&#8221;Dhuro&#8221; image=&#8221;https:\/\/femmefondacija.com\/wp-content\/uploads\/2021\/10\/give-love.png&#8221; image_icon_width=&#8221;40%&#8221; image_icon_width_tablet=&#8221;40%&#8221; image_icon_width_phone=&#8221;40%&#8221; image_icon_width_last_edited=&#8221;on|phone&#8221; _builder_version=&#8221;4.13.0&#8243; header_font=&#8221;||||||||&#8221; header_text_color=&#8221;#8F5F25&#8243; header_font_size=&#8221;28px&#8221; body_font=&#8221;||||||||&#8221; body_font_size=&#8221;16px&#8221; background_color=&#8221;#ffffff&#8221; background_color_gradient_direction=&#8221;160deg&#8221; text_orientation=&#8221;center&#8221; custom_padding=&#8221;40px|20px|40px|20px|true|true&#8221; header_text_color_tablet=&#8221;&#8221; header_text_color_phone=&#8221;&#8221; header_text_color_last_edited=&#8221;on|phone&#8221; header_font_size_tablet=&#8221;28px&#8221; header_font_size_phone=&#8221;25px&#8221; header_font_size_last_edited=&#8221;on|phone&#8221; body_line_height_tablet=&#8221;&#8221; body_line_height_phone=&#8221;1.6em&#8221; body_line_height_last_edited=&#8221;on|phone&#8221; box_shadow_style=&#8221;preset1&#8243; box_shadow_vertical=&#8221;50px&#8221; box_shadow_blur=&#8221;80px&#8221; box_shadow_color=&#8221;rgba(12,2,2,0.1)&#8221; image_max_width=&#8221;40%&#8221; image_max_width_tablet=&#8221;40%&#8221; image_max_width_phone=&#8221;40%&#8221; image_max_width_last_edited=&#8221;on|phone&#8221; locked=&#8221;off&#8221; global_colors_info=&#8221;{}&#8221; transform_styles__hover_enabled=&#8221;on&#8221; custom_margin__hover_enabled=&#8221;on|hover&#8221; custom_margin__hover=&#8221;||||false|false&#8221; header_text_color__hover_enabled=&#8221;on|desktop&#8221; header_text_color__hover=&#8221;#AC204D&#8221; transform_scale__hover=&#8221;106%|106%&#8221; transform_scale__hover_enabled=&#8221;on&#8221; transform_translate__hover_enabled=&#8221;on&#8221; transform_rotate__hover_enabled=&#8221;on&#8221; transform_skew__hover_enabled=&#8221;on&#8221; transform_origin__hover_enabled=&#8221;on&#8221;]<\/p>\n<p>Donate<\/p>\n<p>[\/et_pb_blurb][\/et_pb_column][et_pb_column type=&#8221;1_3&#8243; _builder_version=&#8221;3.26.5&#8243; global_colors_info=&#8221;{}&#8221;][et_pb_blurb title=&#8221;P\u00ebrshihu&#8221; image=&#8221;https:\/\/femmefondacija.com\/wp-content\/uploads\/2021\/10\/hugging.png&#8221; image_icon_width=&#8221;40%&#8221; image_icon_width_tablet=&#8221;40%&#8221; image_icon_width_phone=&#8221;40%&#8221; image_icon_width_last_edited=&#8221;on|phone&#8221; _builder_version=&#8221;4.13.0&#8243; header_font=&#8221;||||||||&#8221; header_text_color=&#8221;#8F5F25&#8243; header_font_size=&#8221;28px&#8221; body_font=&#8221;||||||||&#8221; body_font_size=&#8221;16px&#8221; background_color=&#8221;#ffffff&#8221; background_color_gradient_direction=&#8221;160deg&#8221; text_orientation=&#8221;center&#8221; custom_padding=&#8221;40px|20px|40px|20px|true|true&#8221; header_text_color_tablet=&#8221;&#8221; header_text_color_phone=&#8221;&#8221; header_text_color_last_edited=&#8221;on|phone&#8221; header_font_size_tablet=&#8221;28px&#8221; header_font_size_phone=&#8221;25px&#8221; header_font_size_last_edited=&#8221;on|phone&#8221; body_line_height_tablet=&#8221;&#8221; body_line_height_phone=&#8221;1.6em&#8221; body_line_height_last_edited=&#8221;on|phone&#8221; box_shadow_style=&#8221;preset1&#8243; box_shadow_vertical=&#8221;50px&#8221; box_shadow_blur=&#8221;80px&#8221; box_shadow_color=&#8221;rgba(12,2,2,0.1)&#8221; image_max_width=&#8221;40%&#8221; image_max_width_tablet=&#8221;40%&#8221; image_max_width_phone=&#8221;40%&#8221; image_max_width_last_edited=&#8221;on|phone&#8221; locked=&#8221;off&#8221; global_colors_info=&#8221;{}&#8221; transform_styles__hover_enabled=&#8221;on&#8221; custom_margin__hover=&#8221;||||false|false&#8221; custom_margin__hover_enabled=&#8221;on|hover&#8221; header_text_color__hover=&#8221;#AC204D&#8221; header_text_color__hover_enabled=&#8221;on|desktop&#8221; transform_scale__hover=&#8221;106%|106%&#8221; transform_scale__hover_enabled=&#8221;on&#8221; transform_translate__hover_enabled=&#8221;on&#8221; transform_rotate__hover_enabled=&#8221;on&#8221; transform_skew__hover_enabled=&#8221;on&#8221; transform_origin__hover_enabled=&#8221;on&#8221;]<\/p>\n<p>Get involved<\/p>\n<p>[\/et_pb_blurb][\/et_pb_column][et_pb_column type=&#8221;1_3&#8243; _builder_version=&#8221;3.26.5&#8243; global_colors_info=&#8221;{}&#8221;][et_pb_blurb title=&#8221;Bashk\u00ebpuno me ne&#8221; image=&#8221;https:\/\/femmefondacija.com\/wp-content\/uploads\/2021\/10\/handshake.png&#8221; image_icon_width=&#8221;40%&#8221; image_icon_width_tablet=&#8221;40%&#8221; image_icon_width_phone=&#8221;40%&#8221; image_icon_width_last_edited=&#8221;on|phone&#8221; _builder_version=&#8221;4.13.0&#8243; header_font=&#8221;||||||||&#8221; header_text_color=&#8221;#8F5F25&#8243; header_font_size=&#8221;28px&#8221; body_font=&#8221;||||||||&#8221; body_font_size=&#8221;16px&#8221; background_color=&#8221;#ffffff&#8221; background_color_gradient_direction=&#8221;160deg&#8221; text_orientation=&#8221;center&#8221; custom_padding=&#8221;40px|20px|40px|20px|true|true&#8221; header_text_color_tablet=&#8221;&#8221; header_text_color_phone=&#8221;&#8221; header_text_color_last_edited=&#8221;on|phone&#8221; header_font_size_tablet=&#8221;28px&#8221; header_font_size_phone=&#8221;25px&#8221; header_font_size_last_edited=&#8221;on|phone&#8221; body_line_height_tablet=&#8221;&#8221; body_line_height_phone=&#8221;1.6em&#8221; body_line_height_last_edited=&#8221;on|phone&#8221; box_shadow_style=&#8221;preset1&#8243; box_shadow_vertical=&#8221;50px&#8221; box_shadow_blur=&#8221;80px&#8221; box_shadow_color=&#8221;rgba(12,2,2,0.1)&#8221; image_max_width=&#8221;40%&#8221; image_max_width_tablet=&#8221;40%&#8221; image_max_width_phone=&#8221;40%&#8221; image_max_width_last_edited=&#8221;on|phone&#8221; locked=&#8221;off&#8221; global_colors_info=&#8221;{}&#8221; transform_styles__hover_enabled=&#8221;on&#8221; custom_margin__hover=&#8221;||||false|false&#8221; custom_margin__hover_enabled=&#8221;on|hover&#8221; header_text_color__hover=&#8221;#AC204D&#8221; header_text_color__hover_enabled=&#8221;on|desktop&#8221; transform_scale__hover=&#8221;106%|106%&#8221; transform_scale__hover_enabled=&#8221;on&#8221; transform_translate__hover_enabled=&#8221;on&#8221; transform_rotate__hover_enabled=&#8221;on&#8221; transform_skew__hover_enabled=&#8221;on&#8221; transform_origin__hover_enabled=&#8221;on&#8221;]<\/p>\n<p>Partner with us<\/p>\n<p>[\/et_pb_blurb][\/et_pb_column][\/et_pb_row][\/et_pb_section]<\/p>\n","protected":false},"excerpt":{"rendered":"<p>Misioni, vizioni dhe q\u00ebllimetMISIONIFondacioni Femrat Krijuese t\u00eb Malit t\u00eb Zi u themelua nga nj\u00eb grup femrash t\u00eb talentuara dhe t\u00eb suksesshme t\u00eb profesioneve, ndjeshm\u00ebrive, reflektimeve dhe karaktereve t\u00eb ndryshme. Pavar\u00ebsisht interesave dhe sferave t\u00eb ndryshme t\u00eb veprimit, em\u00ebruesit e p\u00ebrbashk\u00ebt t\u00eb t\u00eb gjitha an\u00ebtareve tona jan\u00eb: krijimtaria, forca, solidariteti, proaktiviteti, besnik\u00ebria ndaj Malit t\u00eb Zi dhe p\u00ebrkushtimi i pakusht\u00ebzuar p\u00ebr p\u00ebrparimin e tij t\u00eb p\u00ebrgjithsh\u00ebm. An\u00ebtaret e Fondacionit jan\u00eb t\u00eb bashkuara n\u00eb misionin q\u00eb p\u00ebrmes projekteve dhe aktiviteteve t\u00eb pasura t\u00eb theksojn\u00eb r\u00ebnd\u00ebsin\u00eb e arsimit, kultur\u00ebs, shkenc\u00ebs dhe sip\u00ebrmarrjes, si dhe domosdoshm\u00ebrin\u00eb e emancipimit t\u00eb shoq\u00ebris\u00eb malazeze n\u00eb lidhje me t\u00eb drejtat dhe pozit\u00ebn e femrave, barazin\u00eb ekonomike, politike dhe shoq\u00ebrore. Rrjet\u00ebzimi me shoqatat e nd\u00ebrlidhura n\u00eb kornizat rajonale dhe evropiane, p\u00ebr t\u00eb realizuar aksione, nisma dhe projekte t\u00eb p\u00ebrbashk\u00ebta, si dhe aspekti humanitar shum\u00eb i nevojsh\u00ebm i pun\u00ebs s\u00eb Fondacionit, duhet t\u00eb forcoj\u00eb edhe komunitetin lokal, por gjithashtu t\u00eb afirmoj\u00eb arritjet krijuese dhe sip\u00ebrmarr\u00ebse t\u00eb femrave nga Mali i Zi n\u00eb nivel rajonal dhe nd\u00ebrkomb\u00ebtar.P\u00ebrve\u00e7 v\u00ebnies n\u00eb dukje t\u00eb paragjykimeve dhe pabarazis\u00eb gjinore, Fondacioni \u00ebsht\u00eb i angazhuar edhe n\u00eb misionin e forcimit t\u00eb kapaciteteve t\u00eb institucioneve tona, por edhe n\u00eb rritjen e nd\u00ebrgjegj\u00ebsimit p\u00ebr identitetin komb\u00ebtar.<div class=\"et_pb_module dsm_icon_list dsm_icon_list_0\">\n\t\t\t\t\n\t\t\t\t\n\t\t\t\t\n\t\t\t\t\n\t\t\t\t\n\t\t\t\t\n\t\t\t\t<div class=\"et_pb_module_inner\">\n\t\t\t\t\t<ul class=\"dsm_icon_list_items dsm_icon_list_ltr_direction dsm_icon_list_layout_vertical\"><\/ul>\n\t\t\t\t<\/div>\n\t\t\t<\/div><\/p>\n","protected":false},"author":1,"featured_media":0,"parent":0,"menu_order":0,"comment_status":"closed","ping_status":"closed","template":"","meta":{"_seopress_robots_primary_cat":"","_seopress_titles_title":"","_seopress_titles_desc":"","_seopress_robots_index":"","_et_pb_use_builder":"on","_et_pb_old_content":"","_et_gb_content_width":"","footnotes":""},"class_list":["post-349733","page","type-page","status-publish","hentry"],"_links":{"self":[{"href":"https:\/\/femmefondacija.com\/sq\/wp-json\/wp\/v2\/pages\/349733","targetHints":{"allow":["GET"]}}],"collection":[{"href":"https:\/\/femmefondacija.com\/sq\/wp-json\/wp\/v2\/pages"}],"about":[{"href":"https:\/\/femmefondacija.com\/sq\/wp-json\/wp\/v2\/types\/page"}],"author":[{"embeddable":true,"href":"https:\/\/femmefondacija.com\/sq\/wp-json\/wp\/v2\/users\/1"}],"replies":[{"embeddable":true,"href":"https:\/\/femmefondacija.com\/sq\/wp-json\/wp\/v2\/comments?post=349733"}],"version-history":[{"count":19,"href":"https:\/\/femmefondacija.com\/sq\/wp-json\/wp\/v2\/pages\/349733\/revisions"}],"predecessor-version":[{"id":351071,"href":"https:\/\/femmefondacija.com\/sq\/wp-json\/wp\/v2\/pages\/349733\/revisions\/351071"}],"wp:attachment":[{"href":"https:\/\/femmefondacija.com\/sq\/wp-json\/wp\/v2\/media?parent=349733"}],"curies":[{"name":"wp","href":"https:\/\/api.w.org\/{rel}","templated":true}]}}