{"id":349749,"date":"2021-10-21T00:16:34","date_gmt":"2021-10-21T00:16:34","guid":{"rendered":"https:\/\/femmefondacija.com\/projektet\/"},"modified":"2023-09-27T11:56:14","modified_gmt":"2023-09-27T11:56:14","slug":"projektet","status":"publish","type":"page","link":"https:\/\/femmefondacija.com\/sq\/projektet\/","title":{"rendered":"Projektet"},"content":{"rendered":"<p>[et_pb_section fb_built=&#8221;1&#8243; custom_padding_last_edited=&#8221;on|phone&#8221; admin_label=&#8221;Header&#8221; _builder_version=&#8221;4.16&#8243; background_enable_color=&#8221;off&#8221; background_enable_image=&#8221;off&#8221; background_blend=&#8221;overlay&#8221; overflow-x=&#8221;hidden&#8221; overflow-y=&#8221;hidden&#8221; custom_padding=&#8221;||0px||false|false&#8221; custom_padding_tablet=&#8221;&#8221; custom_padding_phone=&#8221;&#8221; locked=&#8221;off&#8221; global_colors_info=&#8221;{}&#8221;][et_pb_row _builder_version=&#8221;4.16&#8243; custom_padding=&#8221;||||false|false&#8221; global_colors_info=&#8221;{}&#8221;][et_pb_column type=&#8221;4_4&#8243; _builder_version=&#8221;4.16&#8243; custom_padding=&#8221;||30px||false|false&#8221; global_colors_info=&#8221;{}&#8221;][et_pb_text _builder_version=&#8221;4.16&#8243; _module_preset=&#8221;ac702301-43fe-459f-968f-96cfa028e56e&#8221; locked=&#8221;off&#8221; global_colors_info=&#8221;{}&#8221;]<\/p>\n<h1>Projektet<\/h1>\n<p>[\/et_pb_text][\/et_pb_column][\/et_pb_row][\/et_pb_section][et_pb_section fb_built=&#8221;1&#8243; custom_padding_last_edited=&#8221;on|desktop&#8221; admin_label=&#8221;Header&#8221; _builder_version=&#8221;4.16&#8243; background_enable_color=&#8221;off&#8221; background_enable_image=&#8221;off&#8221; background_blend=&#8221;overlay&#8221; overflow-x=&#8221;visible&#8221; overflow-y=&#8221;visible&#8221; custom_padding=&#8221;||100px||false|false&#8221; custom_padding_tablet=&#8221;||100px||false|false&#8221; custom_padding_phone=&#8221;0px||80px||false|false&#8221; locked=&#8221;off&#8221; global_colors_info=&#8221;{}&#8221;][et_pb_row column_structure=&#8221;1_2,1_2&#8243; make_equal=&#8221;on&#8221; custom_padding_last_edited=&#8221;on|phone&#8221; _builder_version=&#8221;4.19.5&#8243; _module_preset=&#8221;default&#8221; background_color=&#8221;#fffbf5&#8243; width=&#8221;90%&#8221; custom_padding=&#8221;40px|40px|40px|40px|true|true&#8221; custom_padding_tablet=&#8221;&#8221; custom_padding_phone=&#8221;|20px||20px|true|true&#8221; box_shadow_style=&#8221;preset1&#8243; box_shadow_vertical=&#8221;45px&#8221; box_shadow_blur=&#8221;80px&#8221; box_shadow_spread=&#8221;-40px&#8221; global_colors_info=&#8221;{}&#8221;][et_pb_column type=&#8221;1_2&#8243; module_class=&#8221;vertical-align&#8221; _builder_version=&#8221;4.16&#8243; _module_preset=&#8221;default&#8221; global_colors_info=&#8221;{}&#8221;][et_pb_text _builder_version=&#8221;4.19.5&#8243; _module_preset=&#8221;59875fc5-0533-4523-8232-4701f372a2f4&#8243; locked=&#8221;off&#8221; global_colors_info=&#8221;{}&#8221;]<\/p>\n<h2>Art Weekend<\/h2>\n<p>[\/et_pb_text][et_pb_divider color=&#8221;#ffd4a3&#8243; divider_weight=&#8221;2px&#8221; _builder_version=&#8221;4.16&#8243; width=&#8221;100px&#8221; custom_margin=&#8221;||0px||false|false&#8221; custom_margin_tablet=&#8221;|||0px|false|false&#8221; custom_margin_phone=&#8221;&#8221; custom_margin_last_edited=&#8221;on|desktop&#8221; locked=&#8221;off&#8221; global_colors_info=&#8221;{}&#8221;][\/et_pb_divider][et_pb_text _builder_version=&#8221;4.16&#8243; text_font=&#8221;||||||||&#8221; text_font_size=&#8221;16px&#8221; max_width=&#8221;800px&#8221; text_font_size_tablet=&#8221;&#8221; text_font_size_phone=&#8221;15px&#8221; text_font_size_last_edited=&#8221;on|desktop&#8221; text_line_height_tablet=&#8221;&#8221; text_line_height_phone=&#8221;1.6em&#8221; text_line_height_last_edited=&#8221;on|desktop&#8221; locked=&#8221;off&#8221; global_colors_info=&#8221;{}&#8221;]<\/p>\n<p>Art Weekend &#8211; fundjava e artit \u00ebsht\u00eb e fokusuar n\u00eb pun\u00ebn nd\u00ebrvepruese me f\u00ebmij\u00ebt p\u00ebrmes m\u00ebsimit t\u00eb formave t\u00eb artit n\u00eb nj\u00eb m\u00ebnyr\u00eb joformale dhe krijuese t\u00eb t\u00eb m\u00ebsuarit dhe loj\u00ebs. Profesionist\u00ebt e arteve t\u00eb ndryshme &#8211; muzik\u00ebs, teatrit, filmit \/ fotografis\u00eb, artit figurativ\/vizual &#8211; do t\u00eb punojn\u00eb me f\u00ebmij\u00ebt n\u00eb workshope krijuese n\u00eb t\u00eb cilat f\u00ebmij\u00ebt do t\u00eb jen\u00eb pjes\u00ebmarr\u00ebs aktiv, e q\u00eb jan\u00eb t\u00eb p\u00ebrkushtuara n\u00eb zhvillimin dhe motivimin e t\u00eb menduarit krijues tek ata, lirimin e krijimtaris\u00eb s\u00eb tyre dhe leht\u00ebsimin e stresit.<\/p>\n<p>[\/et_pb_text][et_pb_button button_url=&#8221;@ET-DC@eyJkeW5hbWljIjp0cnVlLCJjb250ZW50IjoicG9zdF9saW5rX3VybF9wYWdlIiwic2V0dGluZ3MiOnsicG9zdF9pZCI6IjM0OTk2MCJ9fQ==@&#8221; button_text=&#8221;LEXO M\u00cb SHUM\u00cb&#8221; button_alignment=&#8221;left&#8221; disabled_on=&#8221;on|off|off&#8221; _builder_version=&#8221;4.16&#8243; _dynamic_attributes=&#8221;button_url&#8221; custom_button=&#8221;on&#8221; button_text_size=&#8221;15px&#8221; button_text_color=&#8221;#AC204D&#8221; button_bg_color=&#8221;rgba(0,0,0,0)&#8221; button_bg_color_gradient_direction=&#8221;160deg&#8221; button_border_width=&#8221;2px&#8221; button_border_color=&#8221;#AC204D&#8221; button_border_radius=&#8221;0px&#8221; button_letter_spacing=&#8221;2px&#8221; button_font=&#8221;|700||on|||||&#8221; button_use_icon=&#8221;off&#8221; custom_margin=&#8221;0px||||false|false&#8221; custom_margin_tablet=&#8221;&#8221; custom_margin_phone=&#8221;&#8221; custom_margin_last_edited=&#8221;on|tablet&#8221; custom_padding=&#8221;14px|24px|14px|24px|true|true&#8221; button_text_color_tablet=&#8221;&#8221; button_text_color_phone=&#8221;&#8221; button_text_color_last_edited=&#8221;on|desktop&#8221; box_shadow_vertical_last_edited=&#8221;off|desktop&#8221; locked=&#8221;off&#8221; global_colors_info=&#8221;{}&#8221; box_shadow_color__hover=&#8221;#2585b2&#8243; box_shadow_blur__hover_enabled=&#8221;on&#8221; box_shadow_blur__hover=&#8221;40px&#8221; box_shadow_vertical__hover_enabled=&#8221;on&#8221; box_shadow_vertical__hover=&#8221;20px&#8221; button_bg_color__hover_enabled=&#8221;on|hover&#8221; button_bg_color__hover=&#8221;#AC204D&#8221; button_bg_enable_color__hover=&#8221;on&#8221; button_text_color__hover_enabled=&#8221;on|hover&#8221; button_text_color__hover=&#8221;#FFFFFF&#8221;][\/et_pb_button][\/et_pb_column][et_pb_column type=&#8221;1_2&#8243; _builder_version=&#8221;4.16&#8243; _module_preset=&#8221;default&#8221; global_colors_info=&#8221;{}&#8221;][dsm_image_carousel gallery_ids=&#8221;349232,351037&#8243; slide_to_show=&#8221;1&#8243; arrows=&#8221;off&#8221; dots=&#8221;off&#8221; _builder_version=&#8221;4.19.5&#8243; _module_preset=&#8221;default&#8221; custom_margin=&#8221;-85px||-35px||false|false&#8221; custom_margin_tablet=&#8221;0px||||false|false&#8221; custom_margin_phone=&#8221;-35px||0px||false|false&#8221; custom_margin_last_edited=&#8221;on|phone&#8221; custom_padding=&#8221;||0px||false|false&#8221; animation_style=&#8221;slide&#8221; animation_direction=&#8221;right&#8221; animation_intensity_slide=&#8221;5%&#8221; box_shadow_style=&#8221;preset4&#8243; box_shadow_vertical=&#8221;-10px&#8221; box_shadow_color=&#8221;#AC204D&#8221; global_colors_info=&#8221;{}&#8221;][\/dsm_image_carousel][et_pb_button button_url=&#8221;@ET-DC@eyJkeW5hbWljIjp0cnVlLCJjb250ZW50IjoicG9zdF9saW5rX3VybF9wYWdlIiwic2V0dGluZ3MiOnsicG9zdF9pZCI6IjM0OTk2MCJ9fQ==@&#8221; button_text=&#8221;LEXO M\u00cb SHUM\u00cb&#8221; button_alignment=&#8221;center&#8221; disabled_on=&#8221;off|on|on&#8221; _builder_version=&#8221;4.16&#8243; _dynamic_attributes=&#8221;button_url&#8221; custom_button=&#8221;on&#8221; button_text_size=&#8221;15px&#8221; button_text_color=&#8221;#AC204D&#8221; button_bg_color=&#8221;rgba(0,0,0,0)&#8221; button_bg_color_gradient_direction=&#8221;160deg&#8221; button_border_width=&#8221;2px&#8221; button_border_color=&#8221;#AC204D&#8221; button_border_radius=&#8221;0px&#8221; button_letter_spacing=&#8221;1px&#8221; button_font=&#8221;|700||on|||||&#8221; button_use_icon=&#8221;off&#8221; custom_margin=&#8221;35px||||false|false&#8221; custom_padding=&#8221;14px|24px|14px|24px|true|true&#8221; button_text_color_tablet=&#8221;&#8221; button_text_color_phone=&#8221;&#8221; button_text_color_last_edited=&#8221;on|desktop&#8221; locked=&#8221;off&#8221; global_colors_info=&#8221;{}&#8221; box_shadow_color__hover=&#8221;#2585b2&#8243; box_shadow_blur__hover_enabled=&#8221;on&#8221; box_shadow_blur__hover=&#8221;40px&#8221; box_shadow_vertical__hover_enabled=&#8221;on&#8221; box_shadow_vertical__hover=&#8221;20px&#8221; button_text_color__hover=&#8221;#FFFFFF&#8221; button_text_color__hover_enabled=&#8221;on|hover&#8221; button_bg_color__hover=&#8221;#AC204D&#8221; button_bg_color__hover_enabled=&#8221;on|hover&#8221;][\/et_pb_button][\/et_pb_column][\/et_pb_row][\/et_pb_section][et_pb_section fb_built=&#8221;1&#8243; custom_padding_last_edited=&#8221;on|tablet&#8221; admin_label=&#8221;Header&#8221; _builder_version=&#8221;4.19.5&#8243; background_enable_color=&#8221;off&#8221; background_enable_image=&#8221;off&#8221; background_blend=&#8221;overlay&#8221; overflow-x=&#8221;visible&#8221; overflow-y=&#8221;visible&#8221; custom_padding=&#8221;0px||160px||false|false&#8221; custom_padding_tablet=&#8221;0px||142px||false|false&#8221; custom_padding_phone=&#8221;0px||130px||false|false&#8221; locked=&#8221;off&#8221; global_colors_info=&#8221;{}&#8221;][et_pb_row column_structure=&#8221;1_2,1_2&#8243; make_equal=&#8221;on&#8221; custom_padding_last_edited=&#8221;on|phone&#8221; module_class=&#8221;reverse-columns-mobile&#8221; _builder_version=&#8221;4.19.5&#8243; _module_preset=&#8221;default&#8221; background_enable_color=&#8221;off&#8221; width=&#8221;90%&#8221; custom_padding=&#8221;40px|40px|40px|40px|true|true&#8221; custom_padding_tablet=&#8221;&#8221; custom_padding_phone=&#8221;|20px||20px|true|true&#8221; global_colors_info=&#8221;{}&#8221;][et_pb_column type=&#8221;1_2&#8243; module_class=&#8221;vertical-align&#8221; _builder_version=&#8221;4.19.5&#8243; _module_preset=&#8221;default&#8221; global_colors_info=&#8221;{}&#8221;][et_pb_image src=&#8221;https:\/\/femmefondacija.com\/wp-content\/uploads\/2023\/09\/noviprojekat-baner.jpg&#8221; title_text=&#8221;noviprojekat-baner&#8221; _builder_version=&#8221;4.19.5&#8243; _module_preset=&#8221;default&#8221; box_shadow_style=&#8221;preset4&#8243; box_shadow_vertical=&#8221;-10px&#8221; box_shadow_color=&#8221;#AC204D&#8221; global_colors_info=&#8221;{}&#8221;][\/et_pb_image][et_pb_button button_text=&#8221;LEXO M\u00cb SHUM\u00cb&#8221; button_alignment=&#8221;center&#8221; disabled_on=&#8221;off|on|on&#8221; _builder_version=&#8221;4.19.5&#8243; _dynamic_attributes=&#8221;button_url&#8221; custom_button=&#8221;on&#8221; button_text_size=&#8221;15px&#8221; button_text_color=&#8221;#AC204D&#8221; button_bg_color=&#8221;rgba(0,0,0,0)&#8221; button_bg_color_gradient_direction=&#8221;160deg&#8221; button_border_width=&#8221;2px&#8221; button_border_color=&#8221;#AC204D&#8221; button_border_radius=&#8221;0px&#8221; button_letter_spacing=&#8221;1px&#8221; button_font=&#8221;|700||on|||||&#8221; button_use_icon=&#8221;off&#8221; custom_margin=&#8221;||||false|false&#8221; custom_padding=&#8221;14px|24px|14px|24px|true|true&#8221; hover_enabled=&#8221;0&#8243; button_text_color_tablet=&#8221;&#8221; button_text_color_phone=&#8221;&#8221; button_text_color_last_edited=&#8221;on|desktop&#8221; locked=&#8221;off&#8221; global_colors_info=&#8221;{}&#8221; box_shadow_color__hover=&#8221;#2585b2&#8243; box_shadow_blur__hover_enabled=&#8221;on&#8221; box_shadow_blur__hover=&#8221;40px&#8221; box_shadow_vertical__hover_enabled=&#8221;on&#8221; box_shadow_vertical__hover=&#8221;20px&#8221; button_text_color__hover=&#8221;#FFFFFF&#8221; button_text_color__hover_enabled=&#8221;on|hover&#8221; button_bg_color__hover=&#8221;#AC204D&#8221; button_bg_color__hover_enabled=&#8221;on|hover&#8221; button_url=&#8221;@ET-DC@eyJkeW5hbWljIjp0cnVlLCJjb250ZW50IjoicG9zdF9saW5rX3VybF9wYWdlIiwic2V0dGluZ3MiOnsicG9zdF9pZCI6IjM1MTE0MCJ9fQ==@&#8221; sticky_enabled=&#8221;0&#8243;][\/et_pb_button][\/et_pb_column][et_pb_column type=&#8221;1_2&#8243; module_class=&#8221;vertical-align&#8221; _builder_version=&#8221;4.16&#8243; _module_preset=&#8221;default&#8221; global_colors_info=&#8221;{}&#8221;][et_pb_text _builder_version=&#8221;4.19.5&#8243; _module_preset=&#8221;59875fc5-0533-4523-8232-4701f372a2f4&#8243; locked=&#8221;off&#8221; global_colors_info=&#8221;{}&#8221;]<\/p>\n<h2>Muzika evropiane e diplomacis\u00eb kulturore malazeze<\/h2>\n<p>[\/et_pb_text][et_pb_divider color=&#8221;#ffd4a3&#8243; divider_weight=&#8221;2px&#8221; _builder_version=&#8221;4.16&#8243; width=&#8221;100px&#8221; custom_margin=&#8221;||0px||false|false&#8221; custom_margin_tablet=&#8221;|||0px|false|false&#8221; custom_margin_phone=&#8221;&#8221; custom_margin_last_edited=&#8221;on|desktop&#8221; locked=&#8221;off&#8221; global_colors_info=&#8221;{}&#8221;][\/et_pb_divider][et_pb_text _builder_version=&#8221;4.19.5&#8243; text_font=&#8221;||||||||&#8221; text_font_size=&#8221;16px&#8221; max_width=&#8221;800px&#8221; custom_margin=&#8221;||||false|false&#8221; custom_margin_tablet=&#8221;||||false|false&#8221; custom_margin_phone=&#8221;||0px||false|false&#8221; custom_margin_last_edited=&#8221;on|phone&#8221; text_font_size_tablet=&#8221;&#8221; text_font_size_phone=&#8221;15px&#8221; text_font_size_last_edited=&#8221;on|desktop&#8221; text_line_height_tablet=&#8221;&#8221; text_line_height_phone=&#8221;1.6em&#8221; text_line_height_last_edited=&#8221;on|desktop&#8221; locked=&#8221;off&#8221; global_colors_info=&#8221;{}&#8221;]<\/p>\n<p>P\u00ebr her\u00eb t\u00eb par\u00eb, Fondacioni po interpreton pjes\u00eb muzikore nga zot\u00ebrimet e Muzeut Komb\u00ebtar, t\u00eb shkruara nga kompozitor\u00eb evropian\u00eb t\u00eb frym\u00ebzuar nga Mali i Zi n\u00eb shekullin e 19-t\u00eb, p\u00ebrmes nj\u00eb formati multimedial. Artist\u00eb nga Gjermania, Austria, Polonia, Italia dhe Franca kan\u00eb shkruar vepra p\u00ebr ansamble t\u00eb ndryshme muzikore, titulli i kompozimeve apo dedikimi n\u00eb partitura \u00ebsht\u00eb p\u00ebr Malin e Zi dhe an\u00ebtar\u00ebt e familjes mbret\u00ebrore t\u00eb asaj epoke.<\/p>\n<p>[\/et_pb_text][et_pb_button button_url=&#8221;@ET-DC@eyJkeW5hbWljIjp0cnVlLCJjb250ZW50IjoicG9zdF9saW5rX3VybF9wYWdlIiwic2V0dGluZ3MiOnsicG9zdF9pZCI6IjM1MTE0MCJ9fQ==@&#8221; button_text=&#8221;LEXO M\u00cb SHUM\u00cb&#8221; button_alignment=&#8221;left&#8221; disabled_on=&#8221;on|off|off&#8221; _builder_version=&#8221;4.19.5&#8243; _dynamic_attributes=&#8221;button_url&#8221; custom_button=&#8221;on&#8221; button_text_size=&#8221;15px&#8221; button_text_color=&#8221;#AC204D&#8221; button_bg_color=&#8221;rgba(0,0,0,0)&#8221; button_bg_color_gradient_direction=&#8221;160deg&#8221; button_border_width=&#8221;2px&#8221; button_border_color=&#8221;#AC204D&#8221; button_border_radius=&#8221;0px&#8221; button_letter_spacing=&#8221;2px&#8221; button_font=&#8221;|700||on|||||&#8221; button_use_icon=&#8221;off&#8221; custom_margin=&#8221;0px||||false|false&#8221; custom_margin_tablet=&#8221;&#8221; custom_margin_phone=&#8221;&#8221; custom_margin_last_edited=&#8221;on|tablet&#8221; custom_padding=&#8221;14px|24px|14px|24px|true|true&#8221; button_text_color_tablet=&#8221;&#8221; button_text_color_phone=&#8221;&#8221; button_text_color_last_edited=&#8221;on|desktop&#8221; box_shadow_vertical_last_edited=&#8221;off|desktop&#8221; locked=&#8221;off&#8221; global_colors_info=&#8221;{}&#8221; box_shadow_color__hover=&#8221;#2585b2&#8243; box_shadow_blur__hover_enabled=&#8221;on&#8221; box_shadow_blur__hover=&#8221;40px&#8221; box_shadow_vertical__hover_enabled=&#8221;on&#8221; box_shadow_vertical__hover=&#8221;20px&#8221; button_bg_color__hover_enabled=&#8221;on|hover&#8221; button_bg_color__hover=&#8221;#AC204D&#8221; button_bg_enable_color__hover=&#8221;on&#8221; button_text_color__hover_enabled=&#8221;on|hover&#8221; button_text_color__hover=&#8221;#FFFFFF&#8221;][\/et_pb_button][\/et_pb_column][\/et_pb_row][\/et_pb_section][et_pb_section fb_built=&#8221;1&#8243; custom_padding_last_edited=&#8221;on|phone&#8221; disabled_on=&#8221;on|on|on&#8221; admin_label=&#8221;Header&#8221; _builder_version=&#8221;4.16&#8243; background_color=&#8221;RGBA(0,0,0,0)&#8221; background_enable_image=&#8221;off&#8221; background_blend=&#8221;overlay&#8221; overflow-x=&#8221;hidden&#8221; overflow-y=&#8221;hidden&#8221; custom_padding=&#8221;||200px||false|false&#8221; custom_padding_tablet=&#8221;||200px||false|false&#8221; custom_padding_phone=&#8221;0px||170px||false|false&#8221; disabled=&#8221;on&#8221; locked=&#8221;off&#8221; global_colors_info=&#8221;{}&#8221;][et_pb_row column_structure=&#8221;1_2,1_2&#8243; make_equal=&#8221;on&#8221; custom_padding_last_edited=&#8221;on|phone&#8221; module_class=&#8221;reverse-columns-mobile&#8221; _builder_version=&#8221;4.16&#8243; _module_preset=&#8221;default&#8221; background_color=&#8221;#fffbf5&#8243; width=&#8221;85%&#8221; custom_padding=&#8221;40px|40px|40px|40px|true|true&#8221; custom_padding_tablet=&#8221;&#8221; custom_padding_phone=&#8221;|20px||20px|true|true&#8221; box_shadow_style=&#8221;preset1&#8243; box_shadow_vertical=&#8221;45px&#8221; box_shadow_blur=&#8221;80px&#8221; box_shadow_spread=&#8221;-40px&#8221; global_colors_info=&#8221;{}&#8221;][et_pb_column type=&#8221;1_2&#8243; _builder_version=&#8221;4.16&#8243; _module_preset=&#8221;default&#8221; global_colors_info=&#8221;{}&#8221;][et_pb_image src=&#8221;https:\/\/femmefondacija.com\/wp-content\/uploads\/2023\/02\/European-music-Kingdom-of-Montenegro.jpg&#8221; title_text=&#8221;European music Kingdom of Montenegro&#8221; align=&#8221;center&#8221; _builder_version=&#8221;4.19.5&#8243; _module_preset=&#8221;default&#8221; custom_margin=&#8221;-85px||||false|false&#8221; custom_margin_tablet=&#8221;-25px||5px||false|false&#8221; custom_margin_phone=&#8221;0px||0px||false|false&#8221; custom_margin_last_edited=&#8221;on|tablet&#8221; animation_style=&#8221;slide&#8221; animation_direction=&#8221;left&#8221; animation_intensity_slide=&#8221;5%&#8221; box_shadow_style=&#8221;preset4&#8243; box_shadow_horizontal=&#8221;-10px&#8221; box_shadow_color=&#8221;#AC204D&#8221; global_colors_info=&#8221;{}&#8221;][\/et_pb_image][\/et_pb_column][et_pb_column type=&#8221;1_2&#8243; module_class=&#8221;vertical-align&#8221; _builder_version=&#8221;4.16&#8243; _module_preset=&#8221;default&#8221; custom_padding=&#8221;||40px||false|false&#8221; custom_padding_tablet=&#8221;&#8221; custom_padding_phone=&#8221;||0px||false|false&#8221; custom_padding_last_edited=&#8221;on|phone&#8221; global_colors_info=&#8221;{}&#8221;][et_pb_text _builder_version=&#8221;4.16&#8243; _module_preset=&#8221;59875fc5-0533-4523-8232-4701f372a2f4&#8243; locked=&#8221;off&#8221; global_colors_info=&#8221;{}&#8221;]<\/p>\n<h2>N\u00eb p\u00ebrgaditje<\/h2>\n<p>[\/et_pb_text][et_pb_divider color=&#8221;#ffd4a3&#8243; divider_weight=&#8221;2px&#8221; _builder_version=&#8221;4.16&#8243; width=&#8221;100px&#8221; custom_margin=&#8221;||20px||false|false&#8221; custom_margin_tablet=&#8221;|||0px|false|false&#8221; custom_margin_phone=&#8221;&#8221; custom_margin_last_edited=&#8221;on|desktop&#8221; locked=&#8221;off&#8221; global_colors_info=&#8221;{}&#8221;][\/et_pb_divider][et_pb_blurb title=&#8221;Evropska Muzika Kraljevine Crne Gore&#8221; use_icon=&#8221;on&#8221; font_icon=&#8221;&#xe04e;||divi||400&#8243; icon_placement=&#8221;left&#8221; image_icon_width=&#8221;30px&#8221; _builder_version=&#8221;4.19.5&#8243; _module_preset=&#8221;default&#8221; body_font_size=&#8221;16px&#8221; header_font_size_tablet=&#8221;&#8221; header_font_size_phone=&#8221;&#8221; header_font_size_last_edited=&#8221;on|phone&#8221; body_text_color_tablet=&#8221;&#8221; body_text_color_phone=&#8221;&#8221; body_text_color_last_edited=&#8221;on|desktop&#8221; body_font_size_tablet=&#8221;&#8221; body_font_size_phone=&#8221;&#8221; body_font_size_last_edited=&#8221;on|desktop&#8221; icon_font_size=&#8221;30px&#8221; global_colors_info=&#8221;{}&#8221;]<\/p>\n<p>Projekti muziko-skenik n\u00eb p\u00ebrgatitje.<\/p>\n<p>[\/et_pb_blurb][et_pb_blurb title=&#8221;Princesha Ksenija &#8211; bashk\u00ebkoh\u00ebsja jon\u00eb&#8221; use_icon=&#8221;on&#8221; font_icon=&#8221;&#xe04e;||divi||400&#8243; icon_placement=&#8221;left&#8221; image_icon_width=&#8221;30px&#8221; _builder_version=&#8221;4.16&#8243; _module_preset=&#8221;default&#8221; body_font_size=&#8221;16px&#8221; body_font_size_tablet=&#8221;&#8221; body_font_size_phone=&#8221;&#8221; body_font_size_last_edited=&#8221;on|desktop&#8221; icon_font_size=&#8221;30px&#8221; global_colors_info=&#8221;{}&#8221;]<\/p>\n<p>Projekti multimedial n\u00eb p\u00ebrgatitje.<\/p>\n<p>[\/et_pb_blurb][\/et_pb_column][\/et_pb_row][\/et_pb_section]<\/p>\n","protected":false},"excerpt":{"rendered":"<p>ProjektetArt WeekendArt Weekend &#8211; fundjava e artit \u00ebsht\u00eb e fokusuar n\u00eb pun\u00ebn nd\u00ebrvepruese me f\u00ebmij\u00ebt p\u00ebrmes m\u00ebsimit t\u00eb formave t\u00eb artit n\u00eb nj\u00eb m\u00ebnyr\u00eb joformale dhe krijuese t\u00eb t\u00eb m\u00ebsuarit dhe loj\u00ebs. Profesionist\u00ebt e arteve t\u00eb ndryshme &#8211; muzik\u00ebs, teatrit, filmit \/ fotografis\u00eb, artit figurativ\/vizual &#8211; do t\u00eb punojn\u00eb me f\u00ebmij\u00ebt n\u00eb workshope krijuese n\u00eb t\u00eb cilat f\u00ebmij\u00ebt do t\u00eb jen\u00eb pjes\u00ebmarr\u00ebs aktiv, e q\u00eb jan\u00eb t\u00eb p\u00ebrkushtuara n\u00eb zhvillimin dhe motivimin e t\u00eb menduarit krijues tek ata, lirimin e krijimtaris\u00eb s\u00eb tyre dhe leht\u00ebsimin e stresit.<div class=\"et_pb_module dsm_image_carousel dsm_image_carousel_0 et_animated dsm_image_carousel_arrow_outside dsm_image_carousel_arrow_mobile_inside \">\n\t\t\t\t\n\t\t\t\t\n\t\t\t\t\n\t\t\t\t\n\t\t\t\t\n\t\t\t\t\n\t\t\t\t<div class=\"et_pb_module_inner\">\n\t\t\t\t\t<div class=\"swiper-container dsm_image_carousel_container  dsm_image_carousel_carousel\" dir=\"ltr\"data-effect=\"default\"\n\t\t\tdata-slider-effect-shadows=\"false\"\n\t\t\tdata-slider-effect-coverflow-rotate=\"30\"\n\t\t\tdata-slider-effect-coverflow-depth=\"0\"\n\t\t\tdata-loop=\"true\"\n\t\t\tdata-slide-to-show=\"1\"\n\t\t\tdata-slide-to-show-tablet=\"1\"\n\t\t\tdata-slide-to-show-phone=\"1\"\n\t\t\tdata-slide-to-scroll=\"1\"\n\t\t\tdata-slide-to-scroll-tablet=\"1\"\n\t\t\tdata-slide-to-scroll-phone=\"1\"\n\t\t\tdata-space-between=\"15\"\n\t\t\tdata-space-between-tablet=\"15\"\n\t\t\tdata-space-between-phone=\"15\"\n\t\t\tdata-slide-row=\"1\"\n\t\t\tdata-centered-slides=\"false\"\n\t\t\tdata-speed=\"300\"\n\t\t\tdata-autoplay=\"true\"\n\t\t\tdata-autoplay-speed=\"3000\"\n\t\t\tdata-touch-move=\"true\"\n\t\t\tdata-grab=\"true\"\n\t\t\tdata-pause-on-hover=\"false\"\n\t\t\tdata-show-lightbox=\"false\"\n\t\t\tdata-lightbox-gallery=\"false\"\n\t\t\tdata-lightbox-caption=\"false\"\n\t\t\tdata-infinite-scrolling=\"false\"\n\t\t\tdata-slide-row-tablet=\"1\"\n\t\t\tdata-slide-row-phone=\"1\"\n\t\t\tdata-autoplay-viewport=80%\n\t\t\tdata-mousewheel=\"false\"\n\t\t\tdata-lazyload=\"false\"\n\t\t\tdata-type=\"carousel\"\n\t\t\tdata-slideshow-effect=\"default\"\n\t\t\tdata-slideshow-to-show=\"4\"\n\t\t\tdata-slideshow-to-show-tablet=\"4\"\n\t\t\tdata-slideshow-to-show-phone=\"\"\n\t\t\tdata-slider-orientation=\"horizontal\"\n\t\t\t\t\t\tdata-lightbox-title=\"false\"\n\n\t\t\t><div class=\"swiper-wrapper\"><div class=\"swiper-slide dsm_image_carousel_item\"><img decoding=\"async\" src=\"https:\/\/femmefondacija.com\/wp-content\/uploads\/2021\/10\/Art-weekend.jpeg\" alt=\"\" title=\"Art weekend\" width=\"1080\" height=\"1080\" data-dsm-image-description=\"\" srcset=\"https:\/\/femmefondacija.com\/wp-content\/uploads\/2021\/10\/Art-weekend.jpeg 1080w, https:\/\/femmefondacija.com\/wp-content\/uploads\/2021\/10\/Art-weekend-980x980.jpeg 980w, https:\/\/femmefondacija.com\/wp-content\/uploads\/2021\/10\/Art-weekend-480x480.jpeg 480w\" sizes=\"(min-width: 0px) and (max-width: 480px) 480px, (min-width: 481px) and (max-width: 980px) 980px, (min-width: 981px) 1080px, 100vw\" class=\" skip-lazy\" \/><\/div><div class=\"swiper-slide dsm_image_carousel_item\"><img decoding=\"async\" src=\"https:\/\/femmefondacija.com\/wp-content\/uploads\/2021\/11\/Art-Weekend-slika-2.jpeg\" alt=\"\" title=\"Art Weekend slika 2\" width=\"1080\" height=\"1080\" data-dsm-image-description=\"\" srcset=\"https:\/\/femmefondacija.com\/wp-content\/uploads\/2021\/11\/Art-Weekend-slika-2.jpeg 1080w, https:\/\/femmefondacija.com\/wp-content\/uploads\/2021\/11\/Art-Weekend-slika-2-980x980.jpeg 980w, https:\/\/femmefondacija.com\/wp-content\/uploads\/2021\/11\/Art-Weekend-slika-2-480x480.jpeg 480w\" sizes=\"(min-width: 0px) and (max-width: 480px) 480px, (min-width: 481px) and (max-width: 980px) 980px, (min-width: 981px) 1080px, 100vw\" class=\" skip-lazy\" \/><\/div><\/div><\/div>\n\t\t\t\t<\/div>\n\t\t\t<\/div>Muzika evropiane e diplomacis\u00eb kulturore malazezeP\u00ebr her\u00eb t\u00eb par\u00eb, Fondacioni po interpreton pjes\u00eb muzikore nga zot\u00ebrimet e Muzeut Komb\u00ebtar, t\u00eb shkruara nga kompozitor\u00eb evropian\u00eb t\u00eb frym\u00ebzuar nga Mali i Zi n\u00eb shekullin e 19-t\u00eb, p\u00ebrmes nj\u00eb formati multimedial. Artist\u00eb nga Gjermania, Austria, Polonia, Italia dhe Franca kan\u00eb shkruar vepra p\u00ebr ansamble t\u00eb ndryshme muzikore, titulli i kompozimeve apo dedikimi n\u00eb partitura \u00ebsht\u00eb p\u00ebr Malin e Zi dhe an\u00ebtar\u00ebt e familjes mbret\u00ebrore t\u00eb asaj epoke.N\u00eb p\u00ebrgaditjeProjekti muziko-skenik n\u00eb p\u00ebrgatitje.Projekti multimedial n\u00eb p\u00ebrgatitje.<\/p>\n","protected":false},"author":1,"featured_media":0,"parent":0,"menu_order":0,"comment_status":"closed","ping_status":"closed","template":"","meta":{"_seopress_robots_primary_cat":"","_seopress_titles_title":"","_seopress_titles_desc":"","_seopress_robots_index":"","_et_pb_use_builder":"on","_et_pb_old_content":"","_et_gb_content_width":"","footnotes":""},"class_list":["post-349749","page","type-page","status-publish","hentry"],"_links":{"self":[{"href":"https:\/\/femmefondacija.com\/sq\/wp-json\/wp\/v2\/pages\/349749","targetHints":{"allow":["GET"]}}],"collection":[{"href":"https:\/\/femmefondacija.com\/sq\/wp-json\/wp\/v2\/pages"}],"about":[{"href":"https:\/\/femmefondacija.com\/sq\/wp-json\/wp\/v2\/types\/page"}],"author":[{"embeddable":true,"href":"https:\/\/femmefondacija.com\/sq\/wp-json\/wp\/v2\/users\/1"}],"replies":[{"embeddable":true,"href":"https:\/\/femmefondacija.com\/sq\/wp-json\/wp\/v2\/comments?post=349749"}],"version-history":[{"count":19,"href":"https:\/\/femmefondacija.com\/sq\/wp-json\/wp\/v2\/pages\/349749\/revisions"}],"predecessor-version":[{"id":351267,"href":"https:\/\/femmefondacija.com\/sq\/wp-json\/wp\/v2\/pages\/349749\/revisions\/351267"}],"wp:attachment":[{"href":"https:\/\/femmefondacija.com\/sq\/wp-json\/wp\/v2\/media?parent=349749"}],"curies":[{"name":"wp","href":"https:\/\/api.w.org\/{rel}","templated":true}]}}