{"id":351226,"date":"2023-09-27T11:38:47","date_gmt":"2023-09-27T11:38:47","guid":{"rendered":"https:\/\/femmefondacija.com\/muzika-evropiane-e-diplomacise-kulturore-malazeze\/"},"modified":"2024-01-11T11:43:21","modified_gmt":"2024-01-11T11:43:21","slug":"muzika-evropiane-e-diplomacise-kulturore-malazeze","status":"publish","type":"page","link":"https:\/\/femmefondacija.com\/sq\/muzika-evropiane-e-diplomacise-kulturore-malazeze\/","title":{"rendered":"Muzika evropiane e diplomacis\u00eb kulturore malazeze"},"content":{"rendered":"<p>[et_pb_section fb_built=&#8221;1&#8243; custom_padding_last_edited=&#8221;on|phone&#8221; admin_label=&#8221;Header&#8221; _builder_version=&#8221;4.16&#8243; background_enable_color=&#8221;off&#8221; background_enable_image=&#8221;off&#8221; background_blend=&#8221;overlay&#8221; overflow-x=&#8221;hidden&#8221; overflow-y=&#8221;hidden&#8221; custom_padding=&#8221;||0px||false|false&#8221; custom_padding_tablet=&#8221;&#8221; custom_padding_phone=&#8221;&#8221; locked=&#8221;off&#8221; global_colors_info=&#8221;{}&#8221;][et_pb_row custom_padding_last_edited=&#8221;on|tablet&#8221; _builder_version=&#8221;4.19.5&#8243; custom_padding=&#8221;||||false|false&#8221; custom_padding_tablet=&#8221;||80px||false|false&#8221; custom_padding_phone=&#8221;||80px||false|false&#8221; global_colors_info=&#8221;{}&#8221;][et_pb_column type=&#8221;4_4&#8243; _builder_version=&#8221;4.16&#8243; custom_padding=&#8221;||30px||false|false&#8221; global_colors_info=&#8221;{}&#8221;][et_pb_text _builder_version=&#8221;4.19.5&#8243; _module_preset=&#8221;ac702301-43fe-459f-968f-96cfa028e56e&#8221; locked=&#8221;off&#8221; global_colors_info=&#8221;{}&#8221;]<\/p>\n<h1>Muzika evropiane e diplomacis\u00eb kulturore malazeze<\/h1>\n<p>[\/et_pb_text][\/et_pb_column][\/et_pb_row][\/et_pb_section][et_pb_section fb_built=&#8221;1&#8243; custom_padding_last_edited=&#8221;on|desktop&#8221; admin_label=&#8221;Header&#8221; _builder_version=&#8221;4.16&#8243; background_enable_color=&#8221;off&#8221; background_enable_image=&#8221;off&#8221; background_blend=&#8221;overlay&#8221; overflow-x=&#8221;visible&#8221; custom_padding=&#8221;||50px||false|false&#8221; custom_padding_tablet=&#8221;||100px||false|false&#8221; custom_padding_phone=&#8221;0px||50px||false|false&#8221; locked=&#8221;off&#8221; global_colors_info=&#8221;{}&#8221;][et_pb_row make_equal=&#8221;on&#8221; custom_padding_last_edited=&#8221;on|phone&#8221; _builder_version=&#8221;4.19.5&#8243; _module_preset=&#8221;default&#8221; background_color=&#8221;#fffbf5&#8243; width=&#8221;90%&#8221; custom_padding=&#8221;40px|40px|40px|40px|true|true&#8221; custom_padding_tablet=&#8221;&#8221; custom_padding_phone=&#8221;|20px||20px|true|true&#8221; box_shadow_style=&#8221;preset1&#8243; box_shadow_vertical=&#8221;45px&#8221; box_shadow_blur=&#8221;80px&#8221; box_shadow_spread=&#8221;-40px&#8221; global_colors_info=&#8221;{}&#8221;][et_pb_column type=&#8221;4_4&#8243; module_class=&#8221;vertical-align&#8221; _builder_version=&#8221;4.16&#8243; _module_preset=&#8221;default&#8221; global_colors_info=&#8221;{}&#8221;][et_pb_video src=&#8221;https:\/\/www.youtube.com\/watch?v=OX-1ghtVtX0&#8243; image_src=&#8221;\/\/i.ytimg.com\/vi\/OX-1ghtVtX0\/hqdefault.jpg&#8221; play_icon_color=&#8221;#AC204D&#8221; font_icon=&#8221;&#xe0a3;||divi||400&#8243; use_icon_font_size=&#8221;on&#8221; thumbnail_overlay_color_tablet=&#8221;&#8221; thumbnail_overlay_color_phone=&#8221;&#8221; thumbnail_overlay_color_last_edited=&#8221;on|desktop&#8221; _builder_version=&#8221;4.22.2&#8243; _module_preset=&#8221;default&#8221; width=&#8221;90%&#8221; width_tablet=&#8221;100%&#8221; width_phone=&#8221;100%&#8221; width_last_edited=&#8221;on|tablet&#8221; module_alignment=&#8221;center&#8221; custom_margin=&#8221;-85px||||false|false&#8221; hover_enabled=&#8221;0&#8243; box_shadow_style=&#8221;preset4&#8243; box_shadow_vertical=&#8221;-10px&#8221; box_shadow_color=&#8221;#AC204D&#8221; locked=&#8221;off&#8221; global_colors_info=&#8221;{}&#8221; sticky_enabled=&#8221;0&#8243;][\/et_pb_video][et_pb_text _builder_version=&#8221;4.19.5&#8243; text_font=&#8221;||||||||&#8221; text_font_size=&#8221;16px&#8221; custom_padding=&#8221;0px|||||&#8221; text_font_size_tablet=&#8221;&#8221; text_font_size_phone=&#8221;15px&#8221; text_font_size_last_edited=&#8221;on|desktop&#8221; text_line_height_tablet=&#8221;&#8221; text_line_height_phone=&#8221;1.6em&#8221; text_line_height_last_edited=&#8221;on|desktop&#8221; locked=&#8221;off&#8221; global_colors_info=&#8221;{}&#8221;]<\/p>\n<p>P\u00ebr her\u00eb t\u00eb par\u00eb, Fondacioni po interpreton pjes\u00eb muzikore nga zot\u00ebrimet e Muzeut Komb\u00ebtar, t\u00eb shkruara nga kompozitor\u00eb evropian\u00eb t\u00eb frym\u00ebzuar nga Mali i Zi n\u00eb shekullin e 19-t\u00eb, p\u00ebrmes nj\u00eb formati multimedial. Artist\u00eb nga Gjermania, Austria, Polonia, Italia dhe Franca kan\u00eb shkruar vepra p\u00ebr ansamble t\u00eb ndryshme muzikore, titulli i kompozimeve apo dedikimi n\u00eb partitura \u00ebsht\u00eb p\u00ebr Malin e Zi dhe an\u00ebtar\u00ebt e familjes mbret\u00ebrore t\u00eb asaj epoke. B\u00ebhet fjal\u00eb p\u00ebr ekspozita q\u00eb kan\u00eb jo vet\u00ebm vler\u00eb artistike si shkrime muzikore t\u00eb periudh\u00ebs romantike, por edhe historike, pasi p\u00ebrfaq\u00ebsojn\u00eb thesarin kulturor t\u00eb Malit t\u00eb Zi dhe t\u00eb vendit nga e kan\u00eb origjin\u00ebn. K\u00ebto sh\u00ebnime u p\u00ebrdor\u00ebn n\u00eb diplomacin\u00eb kulturore t\u00eb Evrop\u00ebs.<br \/>Koncerti dhe ekspozita jan\u00eb pjes\u00eb e projektit &#8220;Muzika evropiane e diplomacis\u00eb kulturore malazeze&#8221;, e cila po zbatohet nga Fondacioni Grat\u00eb Kreative t\u00eb Malit t\u00eb Zi me q\u00ebllim rigjall\u00ebrimin e muzik\u00ebs dhe trash\u00ebgimis\u00eb kulturore europiano-malazeze. Gjithashtu, trajtohet problemi i munges\u00ebs s\u00eb hulumtimit p\u00ebr tem\u00ebn e p\u00ebrmendur dhe ringjallja e diplomacis\u00eb kulturore t\u00eb Malit t\u00eb Zi. Projekti zbatohet n\u00eb kuad\u00ebr t\u00eb programit ReLOaD2, financuar nga Bashkimi Evropian dhe zbatuar nga PNUD n\u00eb bashk\u00ebpunim me pushtetin vendor, duke p\u00ebrfshir\u00eb edhe Kryeqytetin e Cetinjes.<\/p>\n<p>[\/et_pb_text][\/et_pb_column][\/et_pb_row][\/et_pb_section][et_pb_section fb_built=&#8221;1&#8243; custom_padding_last_edited=&#8221;on|phone&#8221; admin_label=&#8221;Header&#8221; _builder_version=&#8221;4.22.2&#8243; background_color=&#8221;RGBA(0,0,0,0)&#8221; background_enable_image=&#8221;off&#8221; background_blend=&#8221;overlay&#8221; overflow-x=&#8221;hidden&#8221; overflow-y=&#8221;hidden&#8221; custom_padding=&#8221;0px||100px||false|false&#8221; custom_padding_tablet=&#8221;&#8221; custom_padding_phone=&#8221;0px||50px||false|false&#8221; locked=&#8221;off&#8221; global_colors_info=&#8221;{}&#8221;][et_pb_row _builder_version=&#8221;4.22.2&#8243; _module_preset=&#8221;default&#8221; background_color=&#8221;RGBA(0,0,0,0)&#8221; custom_padding=&#8221;||0px||false|false&#8221; global_colors_info=&#8221;{}&#8221;][et_pb_column type=&#8221;4_4&#8243; _builder_version=&#8221;4.16&#8243; _module_preset=&#8221;default&#8221; global_colors_info=&#8221;{}&#8221;][et_pb_image src=&#8221;https:\/\/femmefondacija.com\/wp-content\/uploads\/2023\/09\/Plakat-Kreativame-noviprojekat.jpg&#8221; title_text=&#8221;Plakat-Kreativame-noviprojekat&#8221; show_in_lightbox=&#8221;on&#8221; _builder_version=&#8221;4.19.5&#8243; _module_preset=&#8221;default&#8221; global_colors_info=&#8221;{}&#8221;][\/et_pb_image][\/et_pb_column][\/et_pb_row][\/et_pb_section][et_pb_section fb_built=&#8221;1&#8243; custom_padding_last_edited=&#8221;on|tablet&#8221; admin_label=&#8221;Header&#8221; _builder_version=&#8221;4.19.5&#8243; background_enable_color=&#8221;off&#8221; background_enable_image=&#8221;off&#8221; background_blend=&#8221;overlay&#8221; overflow-x=&#8221;visible&#8221; overflow-y=&#8221;visible&#8221; custom_padding=&#8221;0px||160px||false|false&#8221; custom_padding_tablet=&#8221;0px||142px||false|false&#8221; custom_padding_phone=&#8221;0px||130px||false|false&#8221; locked=&#8221;off&#8221; global_colors_info=&#8221;{}&#8221;][et_pb_row make_equal=&#8221;on&#8221; custom_padding_last_edited=&#8221;on|phone&#8221; module_class=&#8221;reverse-columns-mobile&#8221; _builder_version=&#8221;4.22.2&#8243; _module_preset=&#8221;default&#8221; background_enable_color=&#8221;off&#8221; width=&#8221;90%&#8221; custom_padding=&#8221;40px|40px|40px|40px|true|true&#8221; custom_padding_tablet=&#8221;&#8221; custom_padding_phone=&#8221;|20px||20px|true|true&#8221; global_colors_info=&#8221;{}&#8221;][et_pb_column type=&#8221;4_4&#8243; module_class=&#8221;vertical-align&#8221; _builder_version=&#8221;4.19.5&#8243; _module_preset=&#8221;default&#8221; global_colors_info=&#8221;{}&#8221;][et_pb_text _builder_version=&#8221;4.22.2&#8243; _module_preset=&#8221;59875fc5-0533-4523-8232-4701f372a2f4&#8243; header_2_text_align=&#8221;center&#8221; module_alignment=&#8221;center&#8221; locked=&#8221;off&#8221; global_colors_info=&#8221;{}&#8221;]<\/p>\n<h2>Galeri<\/h2>\n<p>[\/et_pb_text][dsm_masonry_gallery gallery_ids=&#8221;351282,351285,351288,351291,351294,351297,351300,351303,351306,351312,351315,351318,351321,351324,351327,351330,351333,351336,351339,351342&#8243; use_lightbox=&#8221;on&#8221; lightbox_title=&#8221;off&#8221; use_zoom_on_hover=&#8221;on&#8221; columns_tablet=&#8221;&#8221; columns_phone=&#8221;1&#8243; columns_last_edited=&#8221;on|phone&#8221; _builder_version=&#8221;4.22.2&#8243; _module_preset=&#8221;default&#8221; global_colors_info=&#8221;{}&#8221;][\/dsm_masonry_gallery][\/et_pb_column][\/et_pb_row][\/et_pb_section]<\/p>\n","protected":false},"excerpt":{"rendered":"<p>Muzika evropiane e diplomacis\u00eb kulturore malazezeP\u00ebr her\u00eb t\u00eb par\u00eb, Fondacioni po interpreton pjes\u00eb muzikore nga zot\u00ebrimet e Muzeut Komb\u00ebtar, t\u00eb shkruara nga kompozitor\u00eb evropian\u00eb t\u00eb frym\u00ebzuar nga Mali i Zi n\u00eb shekullin e 19-t\u00eb, p\u00ebrmes nj\u00eb formati multimedial. Artist\u00eb nga Gjermania, Austria, Polonia, Italia dhe Franca kan\u00eb shkruar vepra p\u00ebr ansamble t\u00eb ndryshme muzikore, titulli i kompozimeve apo dedikimi n\u00eb partitura \u00ebsht\u00eb p\u00ebr Malin e Zi dhe an\u00ebtar\u00ebt e familjes mbret\u00ebrore t\u00eb asaj epoke. B\u00ebhet fjal\u00eb p\u00ebr ekspozita q\u00eb kan\u00eb jo vet\u00ebm vler\u00eb artistike si shkrime muzikore t\u00eb periudh\u00ebs romantike, por edhe historike, pasi p\u00ebrfaq\u00ebsojn\u00eb thesarin kulturor t\u00eb Malit t\u00eb Zi dhe t\u00eb vendit nga e kan\u00eb origjin\u00ebn. K\u00ebto sh\u00ebnime u p\u00ebrdor\u00ebn n\u00eb diplomacin\u00eb kulturore t\u00eb Evrop\u00ebs.Koncerti dhe ekspozita jan\u00eb pjes\u00eb e projektit &#8220;Muzika evropiane e diplomacis\u00eb kulturore malazeze&#8221;, e cila po zbatohet nga Fondacioni Grat\u00eb Kreative t\u00eb Malit t\u00eb Zi me q\u00ebllim rigjall\u00ebrimin e muzik\u00ebs dhe trash\u00ebgimis\u00eb kulturore europiano-malazeze. Gjithashtu, trajtohet problemi i munges\u00ebs s\u00eb hulumtimit p\u00ebr tem\u00ebn e p\u00ebrmendur dhe ringjallja e diplomacis\u00eb kulturore t\u00eb Malit t\u00eb Zi. Projekti zbatohet n\u00eb kuad\u00ebr t\u00eb programit ReLOaD2, financuar nga Bashkimi Evropian dhe zbatuar nga PNUD n\u00eb bashk\u00ebpunim me pushtetin vendor, duke p\u00ebrfshir\u00eb edhe Kryeqytetin e Cetinjes.Galeri<div class=\"et_pb_module dsm_masonry_gallery dsm_masonry_gallery_0\">\n\t\t\t\t\n\t\t\t\t\n\t\t\t\t\n\t\t\t\t\n\t\t\t\t\n\t\t\t\t\n\t\t\t\t<div class=\"et_pb_module_inner\">\n\t\t\t\t\t<div class=\"dsm-gallery grid\" data-lightbox=\"false\" data-horizontalorder=\"true\">\n                <div class=\"grid-sizer\"><\/div><div class=\"gutter-sizer\"><\/div><div class=\"grid-item\">\n                    <div class=\"et_pb_image_wrap\">\n                        <img decoding=\"async\" src=\"https:\/\/femmefondacija.com\/wp-content\/uploads\/2023\/10\/Evropska-muzika-12.jpg\" title=\"Evropska muzika 12\" alt=\"\" class=\"dsm-skip-lazyload\" srcset=\"https:\/\/femmefondacija.com\/wp-content\/uploads\/2023\/10\/Evropska-muzika-12.jpg 1920w, https:\/\/femmefondacija.com\/wp-content\/uploads\/2023\/10\/Evropska-muzika-12-1280x853.jpg 1280w, https:\/\/femmefondacija.com\/wp-content\/uploads\/2023\/10\/Evropska-muzika-12-980x653.jpg 980w, https:\/\/femmefondacija.com\/wp-content\/uploads\/2023\/10\/Evropska-muzika-12-480x320.jpg 480w\" sizes=\"(min-width: 0px) and (max-width: 480px) 480px, (min-width: 481px) and (max-width: 980px) 980px, (min-width: 981px) and (max-width: 1280px) 1280px, (min-width: 1281px) 1920px, 100vw\" width=\"1920\" height=\"1280\" \/>\n                        \n                    <\/div>\n                <\/div><div class=\"grid-item\">\n                    <div class=\"et_pb_image_wrap\">\n                        <img decoding=\"async\" src=\"https:\/\/femmefondacija.com\/wp-content\/uploads\/2023\/10\/Evropska-muzika-13.jpg\" title=\"Evropska muzika 13\" alt=\"\" class=\"dsm-skip-lazyload\" srcset=\"https:\/\/femmefondacija.com\/wp-content\/uploads\/2023\/10\/Evropska-muzika-13.jpg 1920w, https:\/\/femmefondacija.com\/wp-content\/uploads\/2023\/10\/Evropska-muzika-13-1280x853.jpg 1280w, https:\/\/femmefondacija.com\/wp-content\/uploads\/2023\/10\/Evropska-muzika-13-980x653.jpg 980w, https:\/\/femmefondacija.com\/wp-content\/uploads\/2023\/10\/Evropska-muzika-13-480x320.jpg 480w\" sizes=\"(min-width: 0px) and (max-width: 480px) 480px, (min-width: 481px) and (max-width: 980px) 980px, (min-width: 981px) and (max-width: 1280px) 1280px, (min-width: 1281px) 1920px, 100vw\" width=\"1920\" height=\"1280\" \/>\n                        \n                    <\/div>\n                <\/div><div class=\"grid-item\">\n                    <div class=\"et_pb_image_wrap\">\n                        <img decoding=\"async\" src=\"https:\/\/femmefondacija.com\/wp-content\/uploads\/2023\/10\/Evropska-muzika-14.jpg\" title=\"Evropska muzika 14\" alt=\"\" class=\"dsm-skip-lazyload\" srcset=\"https:\/\/femmefondacija.com\/wp-content\/uploads\/2023\/10\/Evropska-muzika-14.jpg 1920w, https:\/\/femmefondacija.com\/wp-content\/uploads\/2023\/10\/Evropska-muzika-14-1280x853.jpg 1280w, https:\/\/femmefondacija.com\/wp-content\/uploads\/2023\/10\/Evropska-muzika-14-980x653.jpg 980w, https:\/\/femmefondacija.com\/wp-content\/uploads\/2023\/10\/Evropska-muzika-14-480x320.jpg 480w\" sizes=\"(min-width: 0px) and (max-width: 480px) 480px, (min-width: 481px) and (max-width: 980px) 980px, (min-width: 981px) and (max-width: 1280px) 1280px, (min-width: 1281px) 1920px, 100vw\" width=\"1920\" height=\"1280\" \/>\n                        \n                    <\/div>\n                <\/div><div class=\"grid-item\">\n                    <div class=\"et_pb_image_wrap\">\n                        <img decoding=\"async\" src=\"https:\/\/femmefondacija.com\/wp-content\/uploads\/2023\/10\/Evropska-muzika-15.jpg\" title=\"Evropska muzika 15\" alt=\"\" class=\"dsm-skip-lazyload\" srcset=\"https:\/\/femmefondacija.com\/wp-content\/uploads\/2023\/10\/Evropska-muzika-15.jpg 1920w, https:\/\/femmefondacija.com\/wp-content\/uploads\/2023\/10\/Evropska-muzika-15-1280x853.jpg 1280w, https:\/\/femmefondacija.com\/wp-content\/uploads\/2023\/10\/Evropska-muzika-15-980x653.jpg 980w, https:\/\/femmefondacija.com\/wp-content\/uploads\/2023\/10\/Evropska-muzika-15-480x320.jpg 480w\" sizes=\"(min-width: 0px) and (max-width: 480px) 480px, (min-width: 481px) and (max-width: 980px) 980px, (min-width: 981px) and (max-width: 1280px) 1280px, (min-width: 1281px) 1920px, 100vw\" width=\"1920\" height=\"1280\" \/>\n                        \n                    <\/div>\n                <\/div><div class=\"grid-item\">\n                    <div class=\"et_pb_image_wrap\">\n                        <img decoding=\"async\" src=\"https:\/\/femmefondacija.com\/wp-content\/uploads\/2023\/10\/Evropska-muzika-16.jpg\" title=\"Evropska muzika 16\" alt=\"\" class=\"dsm-skip-lazyload\" srcset=\"https:\/\/femmefondacija.com\/wp-content\/uploads\/2023\/10\/Evropska-muzika-16.jpg 1620w, https:\/\/femmefondacija.com\/wp-content\/uploads\/2023\/10\/Evropska-muzika-16-1280x853.jpg 1280w, https:\/\/femmefondacija.com\/wp-content\/uploads\/2023\/10\/Evropska-muzika-16-980x653.jpg 980w, https:\/\/femmefondacija.com\/wp-content\/uploads\/2023\/10\/Evropska-muzika-16-480x320.jpg 480w\" sizes=\"(min-width: 0px) and (max-width: 480px) 480px, (min-width: 481px) and (max-width: 980px) 980px, (min-width: 981px) and (max-width: 1280px) 1280px, (min-width: 1281px) 1620px, 100vw\" width=\"1620\" height=\"1080\" \/>\n                        \n                    <\/div>\n                <\/div><div class=\"grid-item\">\n                    <div class=\"et_pb_image_wrap\">\n                        <img decoding=\"async\" src=\"https:\/\/femmefondacija.com\/wp-content\/uploads\/2023\/10\/Evropska-muzika-17.jpg\" title=\"Evropska muzika 17\" alt=\"\" class=\"dsm-skip-lazyload\" srcset=\"https:\/\/femmefondacija.com\/wp-content\/uploads\/2023\/10\/Evropska-muzika-17.jpg 1620w, https:\/\/femmefondacija.com\/wp-content\/uploads\/2023\/10\/Evropska-muzika-17-1280x853.jpg 1280w, https:\/\/femmefondacija.com\/wp-content\/uploads\/2023\/10\/Evropska-muzika-17-980x653.jpg 980w, https:\/\/femmefondacija.com\/wp-content\/uploads\/2023\/10\/Evropska-muzika-17-480x320.jpg 480w\" sizes=\"(min-width: 0px) and (max-width: 480px) 480px, (min-width: 481px) and (max-width: 980px) 980px, (min-width: 981px) and (max-width: 1280px) 1280px, (min-width: 1281px) 1620px, 100vw\" width=\"1620\" height=\"1080\" \/>\n                        \n                    <\/div>\n                <\/div><div class=\"grid-item\">\n                    <div class=\"et_pb_image_wrap\">\n                        <img decoding=\"async\" src=\"https:\/\/femmefondacija.com\/wp-content\/uploads\/2023\/10\/Evropska-muzika-18.jpg\" title=\"Evropska muzika 18\" alt=\"\" class=\"dsm-skip-lazyload\" srcset=\"https:\/\/femmefondacija.com\/wp-content\/uploads\/2023\/10\/Evropska-muzika-18.jpg 1620w, https:\/\/femmefondacija.com\/wp-content\/uploads\/2023\/10\/Evropska-muzika-18-1280x853.jpg 1280w, https:\/\/femmefondacija.com\/wp-content\/uploads\/2023\/10\/Evropska-muzika-18-980x653.jpg 980w, https:\/\/femmefondacija.com\/wp-content\/uploads\/2023\/10\/Evropska-muzika-18-480x320.jpg 480w\" sizes=\"(min-width: 0px) and (max-width: 480px) 480px, (min-width: 481px) and (max-width: 980px) 980px, (min-width: 981px) and (max-width: 1280px) 1280px, (min-width: 1281px) 1620px, 100vw\" width=\"1620\" height=\"1080\" \/>\n                        \n                    <\/div>\n                <\/div><div class=\"grid-item\">\n                    <div class=\"et_pb_image_wrap\">\n                        <img decoding=\"async\" src=\"https:\/\/femmefondacija.com\/wp-content\/uploads\/2023\/10\/Evropska-muzika-19.jpg\" title=\"Evropska muzika 19\" alt=\"\" class=\"dsm-skip-lazyload\" srcset=\"https:\/\/femmefondacija.com\/wp-content\/uploads\/2023\/10\/Evropska-muzika-19.jpg 1620w, https:\/\/femmefondacija.com\/wp-content\/uploads\/2023\/10\/Evropska-muzika-19-1280x853.jpg 1280w, https:\/\/femmefondacija.com\/wp-content\/uploads\/2023\/10\/Evropska-muzika-19-980x653.jpg 980w, https:\/\/femmefondacija.com\/wp-content\/uploads\/2023\/10\/Evropska-muzika-19-480x320.jpg 480w\" sizes=\"(min-width: 0px) and (max-width: 480px) 480px, (min-width: 481px) and (max-width: 980px) 980px, (min-width: 981px) and (max-width: 1280px) 1280px, (min-width: 1281px) 1620px, 100vw\" width=\"1620\" height=\"1080\" \/>\n                        \n                    <\/div>\n                <\/div><div class=\"grid-item\">\n                    <div class=\"et_pb_image_wrap\">\n                        <img decoding=\"async\" src=\"https:\/\/femmefondacija.com\/wp-content\/uploads\/2023\/10\/Evropska-muzika-22.jpg\" title=\"Evropska muzika 22\" alt=\"\" class=\"dsm-skip-lazyload\" srcset=\"https:\/\/femmefondacija.com\/wp-content\/uploads\/2023\/10\/Evropska-muzika-22.jpg 1620w, https:\/\/femmefondacija.com\/wp-content\/uploads\/2023\/10\/Evropska-muzika-22-1280x853.jpg 1280w, https:\/\/femmefondacija.com\/wp-content\/uploads\/2023\/10\/Evropska-muzika-22-980x653.jpg 980w, https:\/\/femmefondacija.com\/wp-content\/uploads\/2023\/10\/Evropska-muzika-22-480x320.jpg 480w\" sizes=\"(min-width: 0px) and (max-width: 480px) 480px, (min-width: 481px) and (max-width: 980px) 980px, (min-width: 981px) and (max-width: 1280px) 1280px, (min-width: 1281px) 1620px, 100vw\" width=\"1620\" height=\"1080\" \/>\n                        \n                    <\/div>\n                <\/div><div class=\"grid-item\">\n                    <div class=\"et_pb_image_wrap\">\n                        <img decoding=\"async\" src=\"https:\/\/femmefondacija.com\/wp-content\/uploads\/2023\/10\/Evropska-muzika-23.jpg\" title=\"Evropska muzika 23\" alt=\"\" class=\"dsm-skip-lazyload\" srcset=\"https:\/\/femmefondacija.com\/wp-content\/uploads\/2023\/10\/Evropska-muzika-23.jpg 1620w, https:\/\/femmefondacija.com\/wp-content\/uploads\/2023\/10\/Evropska-muzika-23-1280x853.jpg 1280w, https:\/\/femmefondacija.com\/wp-content\/uploads\/2023\/10\/Evropska-muzika-23-980x653.jpg 980w, https:\/\/femmefondacija.com\/wp-content\/uploads\/2023\/10\/Evropska-muzika-23-480x320.jpg 480w\" sizes=\"(min-width: 0px) and (max-width: 480px) 480px, (min-width: 481px) and (max-width: 980px) 980px, (min-width: 981px) and (max-width: 1280px) 1280px, (min-width: 1281px) 1620px, 100vw\" width=\"1620\" height=\"1080\" \/>\n                        \n                    <\/div>\n                <\/div><div class=\"grid-item\">\n                    <div class=\"et_pb_image_wrap\">\n                        <img decoding=\"async\" src=\"https:\/\/femmefondacija.com\/wp-content\/uploads\/2023\/10\/Evropska-muzika-24.jpg\" title=\"Evropska muzika 24\" alt=\"\" class=\"dsm-skip-lazyload\" srcset=\"https:\/\/femmefondacija.com\/wp-content\/uploads\/2023\/10\/Evropska-muzika-24.jpg 1620w, https:\/\/femmefondacija.com\/wp-content\/uploads\/2023\/10\/Evropska-muzika-24-1280x853.jpg 1280w, https:\/\/femmefondacija.com\/wp-content\/uploads\/2023\/10\/Evropska-muzika-24-980x653.jpg 980w, https:\/\/femmefondacija.com\/wp-content\/uploads\/2023\/10\/Evropska-muzika-24-480x320.jpg 480w\" sizes=\"(min-width: 0px) and (max-width: 480px) 480px, (min-width: 481px) and (max-width: 980px) 980px, (min-width: 981px) and (max-width: 1280px) 1280px, (min-width: 1281px) 1620px, 100vw\" width=\"1620\" height=\"1080\" \/>\n                        \n                    <\/div>\n                <\/div><div class=\"grid-item\">\n                    <div class=\"et_pb_image_wrap\">\n                        <img decoding=\"async\" src=\"https:\/\/femmefondacija.com\/wp-content\/uploads\/2023\/10\/Evropska-muzika-25.jpg\" title=\"Evropska muzika 25\" alt=\"\" class=\"dsm-skip-lazyload\" srcset=\"https:\/\/femmefondacija.com\/wp-content\/uploads\/2023\/10\/Evropska-muzika-25.jpg 1620w, https:\/\/femmefondacija.com\/wp-content\/uploads\/2023\/10\/Evropska-muzika-25-1280x853.jpg 1280w, https:\/\/femmefondacija.com\/wp-content\/uploads\/2023\/10\/Evropska-muzika-25-980x653.jpg 980w, https:\/\/femmefondacija.com\/wp-content\/uploads\/2023\/10\/Evropska-muzika-25-480x320.jpg 480w\" sizes=\"(min-width: 0px) and (max-width: 480px) 480px, (min-width: 481px) and (max-width: 980px) 980px, (min-width: 981px) and (max-width: 1280px) 1280px, (min-width: 1281px) 1620px, 100vw\" width=\"1620\" height=\"1080\" \/>\n                        \n                    <\/div>\n                <\/div><div class=\"grid-item\">\n                    <div class=\"et_pb_image_wrap\">\n                        <img decoding=\"async\" src=\"https:\/\/femmefondacija.com\/wp-content\/uploads\/2023\/10\/Evropska-muzika-26.jpg\" title=\"Evropska muzika 26\" alt=\"\" class=\"dsm-skip-lazyload\" srcset=\"https:\/\/femmefondacija.com\/wp-content\/uploads\/2023\/10\/Evropska-muzika-26.jpg 1620w, https:\/\/femmefondacija.com\/wp-content\/uploads\/2023\/10\/Evropska-muzika-26-1280x853.jpg 1280w, https:\/\/femmefondacija.com\/wp-content\/uploads\/2023\/10\/Evropska-muzika-26-980x653.jpg 980w, https:\/\/femmefondacija.com\/wp-content\/uploads\/2023\/10\/Evropska-muzika-26-480x320.jpg 480w\" sizes=\"(min-width: 0px) and (max-width: 480px) 480px, (min-width: 481px) and (max-width: 980px) 980px, (min-width: 981px) and (max-width: 1280px) 1280px, (min-width: 1281px) 1620px, 100vw\" width=\"1620\" height=\"1080\" \/>\n                        \n                    <\/div>\n                <\/div><div class=\"grid-item\">\n                    <div class=\"et_pb_image_wrap\">\n                        <img decoding=\"async\" src=\"https:\/\/femmefondacija.com\/wp-content\/uploads\/2023\/10\/Evropska-muzika-27.jpg\" title=\"Evropska muzika 27\" alt=\"\" class=\"dsm-skip-lazyload\" srcset=\"https:\/\/femmefondacija.com\/wp-content\/uploads\/2023\/10\/Evropska-muzika-27.jpg 800w, https:\/\/femmefondacija.com\/wp-content\/uploads\/2023\/10\/Evropska-muzika-27-480x320.jpg 480w\" sizes=\"(min-width: 0px) and (max-width: 480px) 480px, (min-width: 481px) 800px, 100vw\" width=\"800\" height=\"534\" \/>\n                        \n                    <\/div>\n                <\/div><div class=\"grid-item\">\n                    <div class=\"et_pb_image_wrap\">\n                        <img decoding=\"async\" src=\"https:\/\/femmefondacija.com\/wp-content\/uploads\/2023\/10\/Evropska-muzika-28.jpg\" title=\"Evropska muzika 28\" alt=\"\" class=\"dsm-skip-lazyload\" srcset=\"https:\/\/femmefondacija.com\/wp-content\/uploads\/2023\/10\/Evropska-muzika-28.jpg 1440w, https:\/\/femmefondacija.com\/wp-content\/uploads\/2023\/10\/Evropska-muzika-28-1280x1188.jpg 1280w, https:\/\/femmefondacija.com\/wp-content\/uploads\/2023\/10\/Evropska-muzika-28-980x910.jpg 980w, https:\/\/femmefondacija.com\/wp-content\/uploads\/2023\/10\/Evropska-muzika-28-480x446.jpg 480w\" sizes=\"(min-width: 0px) and (max-width: 480px) 480px, (min-width: 481px) and (max-width: 980px) 980px, (min-width: 981px) and (max-width: 1280px) 1280px, (min-width: 1281px) 1440px, 100vw\" width=\"1440\" height=\"1337\" \/>\n                        \n                    <\/div>\n                <\/div><div class=\"grid-item\">\n                    <div class=\"et_pb_image_wrap\">\n                        <img decoding=\"async\" src=\"https:\/\/femmefondacija.com\/wp-content\/uploads\/2023\/10\/Evropska-muzika-29.jpg\" title=\"Evropska muzika 29\" alt=\"\" class=\"dsm-skip-lazyload\" srcset=\"https:\/\/femmefondacija.com\/wp-content\/uploads\/2023\/10\/Evropska-muzika-29.jpg 1440w, https:\/\/femmefondacija.com\/wp-content\/uploads\/2023\/10\/Evropska-muzika-29-1280x853.jpg 1280w, https:\/\/femmefondacija.com\/wp-content\/uploads\/2023\/10\/Evropska-muzika-29-980x653.jpg 980w, https:\/\/femmefondacija.com\/wp-content\/uploads\/2023\/10\/Evropska-muzika-29-480x320.jpg 480w\" sizes=\"(min-width: 0px) and (max-width: 480px) 480px, (min-width: 481px) and (max-width: 980px) 980px, (min-width: 981px) and (max-width: 1280px) 1280px, (min-width: 1281px) 1440px, 100vw\" width=\"1440\" height=\"960\" \/>\n                        \n                    <\/div>\n                <\/div><div class=\"grid-item\">\n                    <div class=\"et_pb_image_wrap\">\n                        <img decoding=\"async\" src=\"https:\/\/femmefondacija.com\/wp-content\/uploads\/2023\/10\/Evropska-muzika-31.jpg\" title=\"Evropska muzika 31\" alt=\"\" class=\"dsm-skip-lazyload\" srcset=\"https:\/\/femmefondacija.com\/wp-content\/uploads\/2023\/10\/Evropska-muzika-31.jpg 1440w, https:\/\/femmefondacija.com\/wp-content\/uploads\/2023\/10\/Evropska-muzika-31-1280x856.jpg 1280w, https:\/\/femmefondacija.com\/wp-content\/uploads\/2023\/10\/Evropska-muzika-31-980x655.jpg 980w, https:\/\/femmefondacija.com\/wp-content\/uploads\/2023\/10\/Evropska-muzika-31-480x321.jpg 480w\" sizes=\"(min-width: 0px) and (max-width: 480px) 480px, (min-width: 481px) and (max-width: 980px) 980px, (min-width: 981px) and (max-width: 1280px) 1280px, (min-width: 1281px) 1440px, 100vw\" width=\"1440\" height=\"963\" \/>\n                        \n                    <\/div>\n                <\/div><div class=\"grid-item\">\n                    <div class=\"et_pb_image_wrap\">\n                        <img decoding=\"async\" src=\"https:\/\/femmefondacija.com\/wp-content\/uploads\/2023\/10\/Evropska-muzika-32.jpg\" title=\"Evropska muzika 32\" alt=\"\" class=\"dsm-skip-lazyload\" srcset=\"https:\/\/femmefondacija.com\/wp-content\/uploads\/2023\/10\/Evropska-muzika-32.jpg 1440w, https:\/\/femmefondacija.com\/wp-content\/uploads\/2023\/10\/Evropska-muzika-32-1280x853.jpg 1280w, https:\/\/femmefondacija.com\/wp-content\/uploads\/2023\/10\/Evropska-muzika-32-980x653.jpg 980w, https:\/\/femmefondacija.com\/wp-content\/uploads\/2023\/10\/Evropska-muzika-32-480x320.jpg 480w\" sizes=\"(min-width: 0px) and (max-width: 480px) 480px, (min-width: 481px) and (max-width: 980px) 980px, (min-width: 981px) and (max-width: 1280px) 1280px, (min-width: 1281px) 1440px, 100vw\" width=\"1440\" height=\"960\" \/>\n                        \n                    <\/div>\n                <\/div><div class=\"grid-item\">\n                    <div class=\"et_pb_image_wrap\">\n                        <img decoding=\"async\" src=\"https:\/\/femmefondacija.com\/wp-content\/uploads\/2023\/10\/Evropska-muzika-33.jpg\" title=\"Evropska muzika 33\" alt=\"\" class=\"dsm-skip-lazyload\" srcset=\"https:\/\/femmefondacija.com\/wp-content\/uploads\/2023\/10\/Evropska-muzika-33.jpg 1440w, https:\/\/femmefondacija.com\/wp-content\/uploads\/2023\/10\/Evropska-muzika-33-1280x853.jpg 1280w, https:\/\/femmefondacija.com\/wp-content\/uploads\/2023\/10\/Evropska-muzika-33-980x653.jpg 980w, https:\/\/femmefondacija.com\/wp-content\/uploads\/2023\/10\/Evropska-muzika-33-480x320.jpg 480w\" sizes=\"(min-width: 0px) and (max-width: 480px) 480px, (min-width: 481px) and (max-width: 980px) 980px, (min-width: 981px) and (max-width: 1280px) 1280px, (min-width: 1281px) 1440px, 100vw\" width=\"1440\" height=\"960\" \/>\n                        \n                    <\/div>\n                <\/div>\n             <\/div>\n\t\t\t\t<\/div>\n\t\t\t<\/div><\/p>\n","protected":false},"author":1,"featured_media":0,"parent":0,"menu_order":0,"comment_status":"closed","ping_status":"closed","template":"","meta":{"_seopress_robots_primary_cat":"","_seopress_titles_title":"","_seopress_titles_desc":"","_seopress_robots_index":"","_et_pb_use_builder":"on","_et_pb_old_content":"","_et_gb_content_width":"","footnotes":""},"class_list":["post-351226","page","type-page","status-publish","hentry"],"_links":{"self":[{"href":"https:\/\/femmefondacija.com\/sq\/wp-json\/wp\/v2\/pages\/351226","targetHints":{"allow":["GET"]}}],"collection":[{"href":"https:\/\/femmefondacija.com\/sq\/wp-json\/wp\/v2\/pages"}],"about":[{"href":"https:\/\/femmefondacija.com\/sq\/wp-json\/wp\/v2\/types\/page"}],"author":[{"embeddable":true,"href":"https:\/\/femmefondacija.com\/sq\/wp-json\/wp\/v2\/users\/1"}],"replies":[{"embeddable":true,"href":"https:\/\/femmefondacija.com\/sq\/wp-json\/wp\/v2\/comments?post=351226"}],"version-history":[{"count":20,"href":"https:\/\/femmefondacija.com\/sq\/wp-json\/wp\/v2\/pages\/351226\/revisions"}],"predecessor-version":[{"id":351404,"href":"https:\/\/femmefondacija.com\/sq\/wp-json\/wp\/v2\/pages\/351226\/revisions\/351404"}],"wp:attachment":[{"href":"https:\/\/femmefondacija.com\/sq\/wp-json\/wp\/v2\/media?parent=351226"}],"curies":[{"name":"wp","href":"https:\/\/api.w.org\/{rel}","templated":true}]}}